{"id":833,"date":"2014-11-13T16:55:51","date_gmt":"2014-11-13T15:55:51","guid":{"rendered":"http:\/\/www.ilcambiamento.org\/wordpress\/?page_id=833"},"modified":"2014-11-13T17:08:52","modified_gmt":"2014-11-13T16:08:52","slug":"calano-i-servizi-aumentano-tasse-stradino-in-meno-bibliotecaria-certificata-mancante","status":"publish","type":"page","link":"https:\/\/www.ilcambiamento.org\/wordpress\/calano-i-servizi-aumentano-tasse-stradino-in-meno-bibliotecaria-certificata-mancante\/","title":{"rendered":"Calano i servizi ma aumentano le tasse comunali. Uno &#8220;stradino&#8221; in meno, una &#8220;bibliotecaria certificata&#8221; mancante e &#8230;"},"content":{"rendered":"<p><b><a href=\"https:\/\/i0.wp.com\/www.ilcambiamento.org\/wordpress\/wp-content\/uploads\/2014\/11\/74654afd7f12f68ff73fb843d513c0e1ba9e4ac6.jpg\"><img data-recalc-dims=\"1\" loading=\"lazy\" decoding=\"async\" class=\" wp-image-832 alignleft\" alt=\"operatori ecologici\" src=\"https:\/\/i0.wp.com\/www.ilcambiamento.org\/wordpress\/wp-content\/uploads\/2014\/11\/74654afd7f12f68ff73fb843d513c0e1ba9e4ac6.jpg?resize=216%2C157\" width=\"216\" height=\"157\" srcset=\"https:\/\/i0.wp.com\/www.ilcambiamento.org\/wordpress\/wp-content\/uploads\/2014\/11\/74654afd7f12f68ff73fb843d513c0e1ba9e4ac6.jpg?w=562&amp;ssl=1 562w, https:\/\/i0.wp.com\/www.ilcambiamento.org\/wordpress\/wp-content\/uploads\/2014\/11\/74654afd7f12f68ff73fb843d513c0e1ba9e4ac6.jpg?resize=300%2C218&amp;ssl=1 300w, https:\/\/i0.wp.com\/www.ilcambiamento.org\/wordpress\/wp-content\/uploads\/2014\/11\/74654afd7f12f68ff73fb843d513c0e1ba9e4ac6.jpg?resize=250%2C181&amp;ssl=1 250w\" sizes=\"auto, (max-width: 216px) 100vw, 216px\" \/><\/a>L&#8217;Amministrazione Andretta taglia i servizi e la &#8220;vera&#8221; forza lavoro per assumere impiegati con la qualifica di Responsabili. Pesanti conseguenze sul territorio e sui servizi.<\/b><\/p>\n<p><span style=\"font-family: inherit; font-size: inherit; font-style: inherit; font-variant: inherit; line-height: inherit;\">&#8220;<\/span><i style=\"font-family: inherit; font-size: inherit; font-variant: inherit; line-height: inherit;\">Siamo a lanciare un vero grido di allarme per la nostra comunit\u00e0, a seguito delle incomprensibili decisioni che sta prendendo la nuova Giunta Municipale, la quale si sta\u00a0 privando volontariamente di risorse umane, su alcune aree, gi\u00e0 di per se insufficienti &#8211; <b>interviene il Capogruppo della Lista Civica IL CAMBIAMENTO Dott.ssa Alessandra Bergamin<\/b>. E&#8217; significativo quello che sta accadendo in municipio, dove si respira un&#8217;aria molto pesante tra i dipendenti: in queste settimane la giunta ha deciso di privarsi di un operaio dei soli tre esistenti, (il quarto \u00e8 dedito esclusivamente ai lavori cimiteriali). Con molta fatica, l&#8217;amministrazione comunale precedente era riuscita a portare a quattro gli operai del Comune, un gruppo di persone che da sole devono avere cura di tutto il territorio, pulire le caditoie, sfalciare le aree verdi e fare innumerevoli altri lavori lungo gli oltre 40 chilometri di strade comunali, nonch\u00e9 intervenire nel caso di alcune emergenze. L&#8217;Amministrazione comunale ha lasciato andar via un operaio dei tre esistenti e NON \u00a0intende sostituirlo. Assai preoccupante anche la situazione della Biblioteca Comunale <b>&#8211; continua la Capogruppo Bergamin &#8211;<\/b> dove \u00e8 andato in pensione l&#8217;unico dipendente certificato. L&#8217;Amministrazione precedente aveva avviato un bando per la sua sostituzione ma non se ne sa pi\u00f9 nulla, mentre quella attuale non \u00e8 in grado di \u00a0<\/i><i>dare continuit\u00e0 alla qualit\u00e0 richiesta per un servizio di biblioteca, essendo presente un solo dipendente certificato per poche ore a settimana. Inoltre, anche l&#8217;uscita di un dipendente all&#8217;ufficio protocollo, previsto ad inizio 2015, per <a href=\"https:\/\/i0.wp.com\/www.ilcambiamento.org\/wordpress\/wp-content\/uploads\/2014\/11\/images-2.jpeg\"><img data-recalc-dims=\"1\" loading=\"lazy\" decoding=\"async\" class=\"size-full wp-image-835 alignleft\" alt=\"images-2\" src=\"https:\/\/i0.wp.com\/www.ilcambiamento.org\/wordpress\/wp-content\/uploads\/2014\/11\/images-2.jpeg?resize=225%2C225\" width=\"225\" height=\"225\" srcset=\"https:\/\/i0.wp.com\/www.ilcambiamento.org\/wordpress\/wp-content\/uploads\/2014\/11\/images-2.jpeg?w=225&amp;ssl=1 225w, https:\/\/i0.wp.com\/www.ilcambiamento.org\/wordpress\/wp-content\/uploads\/2014\/11\/images-2.jpeg?resize=150%2C150&amp;ssl=1 150w\" sizes=\"auto, (max-width: 225px) 100vw, 225px\" \/><\/a>pensionamento, sembra NON verr\u00e0 compensata con uno in entrata.<\/i><\/p>\n<p style=\"text-align: center;\"><strong><i>Le conseguenze negative sulla qualit\u00e0 dei servizi offerti alla cittadinanza saranno evidenti.<\/i><\/strong><\/p>\n<p><i>La motivazione di tutta questa confusione che si sta registrando in municipio, \u00e8 insita nella volont\u00e0 della Giunta di assumere un altro impiegato con qualifica di &#8220;responsabile&#8221; da impiegare all&#8217;ufficio tecnico comunale dove ci sono gi\u00e0 molte professionalit\u00e0 interne in grado di fare questo lavoro. Si fa abbassare la spesa del personale su settori gi\u00e0 in difficolt\u00e0, ed in sottorganico, per assumere una persona su un settore dove la forza lavoro \u00e8 pi\u00f9 che sufficiente. Questa Giunta si interessa solo dell&#8217;edilizia e per far questo sta gravemente compromettendo alcuni servizi basilari che invece interessano tutti i cittadini che vogliono strade pulite ed operai presenti sul territorio, pronti ad intervenire in caso di necessit\u00e0. Per assumere invece un altro impiegato &#8220;desiderato&#8221; si riduce la forza lavoro dove serve. <\/i><\/p>\n<p><i style=\"font-family: inherit; font-size: inherit; font-variant: inherit; line-height: inherit;\">Il risultato conseguente, gi\u00e0 evidente &#8211; <b>denuncia il Capogruppo Bergamin<\/b> &#8211; \u00e8 l&#8217;abbassamento della qualit\u00e0 dei servizi: \u00e8 il caso di strade non pi\u00f9 pulite adeguatamente e di alcuni spazi lasciati trascurati nonch\u00e9 di caditoie che si stanno gi\u00e0 intasando senza neanche pi\u00f9 nessuno che le pulisca, causa la riduzione degli operai. Ridurre la forza lavoro degli operai \u00e8 veramente un grave errore <a href=\"https:\/\/i0.wp.com\/www.ilcambiamento.org\/wordpress\/wp-content\/uploads\/2014\/11\/biblioteca3.jpg\"><img data-recalc-dims=\"1\" loading=\"lazy\" decoding=\"async\" class=\"size-full wp-image-834 alignleft\" alt=\"biblioteca3\" src=\"https:\/\/i0.wp.com\/www.ilcambiamento.org\/wordpress\/wp-content\/uploads\/2014\/11\/biblioteca3.jpg?resize=198%2C300\" width=\"198\" height=\"300\" srcset=\"https:\/\/i0.wp.com\/www.ilcambiamento.org\/wordpress\/wp-content\/uploads\/2014\/11\/biblioteca3.jpg?w=198&amp;ssl=1 198w, https:\/\/i0.wp.com\/www.ilcambiamento.org\/wordpress\/wp-content\/uploads\/2014\/11\/biblioteca3.jpg?resize=165%2C250&amp;ssl=1 165w\" sizes=\"auto, (max-width: 198px) 100vw, 198px\" \/><\/a>perch\u00e9 non si sar\u00e0 in grado di tenere pulito e controllato il territorio. Alla pianta organica del Comune non servono altri impiegati o &#8220;persone sedute in ufficio&#8221;, ma operai che lavorano sul territorio nonch\u00e9 personale certificato in grado di far funzionare bene la biblioteca ed ancora un ufficio \u00a0<\/i><i style=\"font-family: inherit; font-size: inherit; font-variant: inherit; line-height: inherit;\">protocollo efficiente dove c&#8217;\u00e8 da smaltire innumerevole posta in arrivo ed in partenza. Ci domandiamo come possa &#8220;un Sindaco che non ha mai vissuto il Municipio&#8221; prima di Giugno 2014, fare simili frettolose scelte. \u00a0Siamo allibiti che la nuova Giunta che non pu\u00f2 conoscere pregi e difetti della valida forza lavoro presente nella nostra pianta organica comunale, si sia lanciata in scelte frettolose, avventurose ed inspiegabili come quelle di togliere specifiche responsabilit\u00e0 a &#8220;dipendenti modello&#8221;<\/i><i style=\"font-family: inherit; font-size: inherit; font-variant: inherit; line-height: inherit;\">ritenuti tali da tutti gli amministratori che si sono succeduti nel passato, di qualsiasi colore politico. Per tale motivo <b>&#8211; conclude Bergamin &#8211;<\/b> \u00a0presenter\u00f2 un&#8217;interrogazione nei prossimi giorni al Sindaco Andretta perch\u00e8 riferisca immediatamente per iscritto in merito a queste inspiegabili e pericolose decisioni.&#8221;<\/i><\/p>\n","protected":false},"excerpt":{"rendered":"<p>L&#8217;Amministrazione Andretta taglia i servizi e la &#8220;vera&#8221; forza lavoro per assumere impiegati con la qualifica di [&hellip;]<\/p>\n","protected":false},"author":5,"featured_media":0,"parent":0,"menu_order":0,"comment_status":"closed","ping_status":"closed","template":"","meta":{"_acf_changed":false,"om_disable_all_campaigns":false,"_monsterinsights_skip_tracking":false,"_uf_show_specific_survey":0,"_uf_disable_surveys":false,"ngg_post_thumbnail":0,"jetpack_post_was_ever_published":false,"footnotes":""},"class_list":["post-833","page","type-page","status-publish","hentry"],"acf":[],"aioseo_notices":[],"aioseo_head":"\n\t\t<!-- All in One SEO 5.0.1.1 - aioseo.com -->\n\t<meta name=\"description\" content=\"L&#039;Amministrazione Andretta taglia i servizi e la &quot;vera&quot; forza lavoro per assumere impiegati con la qualifica di Responsabili. Pesanti conseguenze sul territorio e sui servizi. &quot;Siamo a lanciare un vero grido di allarme per la nostra comunit\u00e0, a seguito delle incomprensibili decisioni che sta prendendo la nuova Giunta Municipale, la quale si sta privando volontariamente\" \/>\n\t<meta name=\"robots\" content=\"max-image-preview:large\" \/>\n\t<link rel=\"canonical\" href=\"https:\/\/www.ilcambiamento.org\/wordpress\/calano-i-servizi-aumentano-tasse-stradino-in-meno-bibliotecaria-certificata-mancante\/\" \/>\n\t<meta name=\"generator\" content=\"All in One SEO (AIOSEO) 5.0.1.1\" \/>\n\t\t<meta property=\"og:locale\" content=\"it_IT\" \/>\n\t\t<meta property=\"og:site_name\" content=\"CIVICA IL CAMBIAMENTO - Comune di Tombolo (PD) - Una vera lista CIVICA per cambiare in meglio Tombolo ed Onara ...\" \/>\n\t\t<meta property=\"og:type\" content=\"article\" \/>\n\t\t<meta property=\"og:title\" content=\"Calano i servizi ma aumentano le tasse comunali. Uno \u201cstradino\u201d in meno, una \u201cbibliotecaria certificata\u201d mancante e \u2026 - CIVICA IL CAMBIAMENTO - Comune di Tombolo (PD)\" \/>\n\t\t<meta property=\"og:description\" content=\"L&#039;Amministrazione Andretta taglia i servizi e la &quot;vera&quot; forza lavoro per assumere impiegati con la qualifica di Responsabili. Pesanti conseguenze sul territorio e sui servizi. &quot;Siamo a lanciare un vero grido di allarme per la nostra comunit\u00e0, a seguito delle incomprensibili decisioni che sta prendendo la nuova Giunta Municipale, la quale si sta privando volontariamente\" \/>\n\t\t<meta property=\"og:url\" content=\"https:\/\/www.ilcambiamento.org\/wordpress\/calano-i-servizi-aumentano-tasse-stradino-in-meno-bibliotecaria-certificata-mancante\/\" \/>\n\t\t<meta property=\"og:image\" content=\"https:\/\/www.ilcambiamento.org\/wordpress\/wp-content\/uploads\/2014\/03\/cropped-cropped-cambiamento_logo_GRANDE3-e1747828781946.png\" \/>\n\t\t<meta property=\"og:image:secure_url\" content=\"https:\/\/www.ilcambiamento.org\/wordpress\/wp-content\/uploads\/2014\/03\/cropped-cropped-cambiamento_logo_GRANDE3-e1747828781946.png\" \/>\n\t\t<meta property=\"og:image:width\" content=\"150\" \/>\n\t\t<meta property=\"og:image:height\" content=\"150\" \/>\n\t\t<meta property=\"article:published_time\" content=\"2014-11-13T15:55:51+00:00\" \/>\n\t\t<meta property=\"article:modified_time\" content=\"2014-11-13T16:08:52+00:00\" \/>\n\t\t<meta property=\"article:publisher\" content=\"https:\/\/www.facebook.com\/civicailcambiamento\/\" \/>\n\t\t<meta name=\"twitter:card\" content=\"summary_large_image\" \/>\n\t\t<meta name=\"twitter:title\" content=\"Calano i servizi ma aumentano le tasse comunali. Uno \u201cstradino\u201d in meno, una \u201cbibliotecaria certificata\u201d mancante e \u2026 - CIVICA IL CAMBIAMENTO - Comune di Tombolo (PD)\" \/>\n\t\t<meta name=\"twitter:description\" content=\"L&#039;Amministrazione Andretta taglia i servizi e la &quot;vera&quot; forza lavoro per assumere impiegati con la qualifica di Responsabili. Pesanti conseguenze sul territorio e sui servizi. &quot;Siamo a lanciare un vero grido di allarme per la nostra comunit\u00e0, a seguito delle incomprensibili decisioni che sta prendendo la nuova Giunta Municipale, la quale si sta privando volontariamente\" \/>\n\t\t<meta name=\"twitter:image\" content=\"https:\/\/www.ilcambiamento.org\/wordpress\/wp-content\/uploads\/2014\/03\/cropped-cropped-cambiamento_logo_GRANDE3-e1747828781946.png\" \/>\n\t\t<script type=\"application\/ld+json\" class=\"aioseo-schema\">\n\t\t\t{\"@context\":\"https:\\\/\\\/schema.org\",\"@graph\":[{\"@type\":\"BreadcrumbList\",\"@id\":\"https:\\\/\\\/www.ilcambiamento.org\\\/wordpress\\\/calano-i-servizi-aumentano-tasse-stradino-in-meno-bibliotecaria-certificata-mancante\\\/#breadcrumblist\",\"itemListElement\":[{\"@type\":\"ListItem\",\"@id\":\"https:\\\/\\\/www.ilcambiamento.org\\\/wordpress#listItem\",\"position\":1,\"name\":\"Home\",\"item\":\"https:\\\/\\\/www.ilcambiamento.org\\\/wordpress\",\"nextItem\":{\"@type\":\"ListItem\",\"@id\":\"https:\\\/\\\/www.ilcambiamento.org\\\/wordpress\\\/calano-i-servizi-aumentano-tasse-stradino-in-meno-bibliotecaria-certificata-mancante\\\/#listItem\",\"name\":\"Calano i servizi ma aumentano le tasse comunali. Uno &#8220;stradino&#8221; in meno, una &#8220;bibliotecaria certificata&#8221; mancante e &#8230;\"}},{\"@type\":\"ListItem\",\"@id\":\"https:\\\/\\\/www.ilcambiamento.org\\\/wordpress\\\/calano-i-servizi-aumentano-tasse-stradino-in-meno-bibliotecaria-certificata-mancante\\\/#listItem\",\"position\":2,\"name\":\"Calano i servizi ma aumentano le tasse comunali. Uno &#8220;stradino&#8221; in meno, una &#8220;bibliotecaria certificata&#8221; mancante e &#8230;\",\"previousItem\":{\"@type\":\"ListItem\",\"@id\":\"https:\\\/\\\/www.ilcambiamento.org\\\/wordpress#listItem\",\"name\":\"Home\"}}]},{\"@type\":\"Organization\",\"@id\":\"https:\\\/\\\/www.ilcambiamento.org\\\/wordpress\\\/#organization\",\"name\":\"CIVICA IL CAMBIAMENTO - Comune di Tombolo (PD)\",\"description\":\"Una vera lista CIVICA per cambiare in meglio Tombolo ed Onara ...\",\"url\":\"https:\\\/\\\/www.ilcambiamento.org\\\/wordpress\\\/\",\"logo\":{\"@type\":\"ImageObject\",\"url\":\"https:\\\/\\\/i0.wp.com\\\/www.ilcambiamento.org\\\/wordpress\\\/wp-content\\\/uploads\\\/2014\\\/03\\\/cropped-cropped-cropped-cambiamento_logo_GRANDE3-e1747828781946.png?fit=150%2C149&ssl=1\",\"@id\":\"https:\\\/\\\/www.ilcambiamento.org\\\/wordpress\\\/calano-i-servizi-aumentano-tasse-stradino-in-meno-bibliotecaria-certificata-mancante\\\/#organizationLogo\",\"width\":150,\"height\":149},\"image\":{\"@id\":\"https:\\\/\\\/www.ilcambiamento.org\\\/wordpress\\\/calano-i-servizi-aumentano-tasse-stradino-in-meno-bibliotecaria-certificata-mancante\\\/#organizationLogo\"},\"sameAs\":[\"https:\\\/\\\/www.facebook.com\\\/civicailcambiamento\\\/\",\"https:\\\/\\\/www.instagram.com\\\/civica_il_cambiamento\\\/\"]},{\"@type\":\"WebPage\",\"@id\":\"https:\\\/\\\/www.ilcambiamento.org\\\/wordpress\\\/calano-i-servizi-aumentano-tasse-stradino-in-meno-bibliotecaria-certificata-mancante\\\/#webpage\",\"url\":\"https:\\\/\\\/www.ilcambiamento.org\\\/wordpress\\\/calano-i-servizi-aumentano-tasse-stradino-in-meno-bibliotecaria-certificata-mancante\\\/\",\"name\":\"Calano i servizi ma aumentano le tasse comunali. Uno \\u201cstradino\\u201d in meno, una \\u201cbibliotecaria certificata\\u201d mancante e \\u2026 - CIVICA IL CAMBIAMENTO - Comune di Tombolo (PD)\",\"description\":\"L'Amministrazione Andretta taglia i servizi e la \\\"vera\\\" forza lavoro per assumere impiegati con la qualifica di Responsabili. Pesanti conseguenze sul territorio e sui servizi. \\\"Siamo a lanciare un vero grido di allarme per la nostra comunit\\u00e0, a seguito delle incomprensibili decisioni che sta prendendo la nuova Giunta Municipale, la quale si sta privando volontariamente\",\"inLanguage\":\"it-IT\",\"isPartOf\":{\"@id\":\"https:\\\/\\\/www.ilcambiamento.org\\\/wordpress\\\/#website\"},\"breadcrumb\":{\"@id\":\"https:\\\/\\\/www.ilcambiamento.org\\\/wordpress\\\/calano-i-servizi-aumentano-tasse-stradino-in-meno-bibliotecaria-certificata-mancante\\\/#breadcrumblist\"},\"datePublished\":\"2014-11-13T16:55:51+01:00\",\"dateModified\":\"2014-11-13T17:08:52+01:00\"},{\"@type\":\"WebSite\",\"@id\":\"https:\\\/\\\/www.ilcambiamento.org\\\/wordpress\\\/#website\",\"url\":\"https:\\\/\\\/www.ilcambiamento.org\\\/wordpress\\\/\",\"name\":\"CIVICA IL CAMBIAMENTO - Comune di Tombolo (PD)\",\"description\":\"Una vera lista CIVICA per cambiare in meglio Tombolo ed Onara ...\",\"inLanguage\":\"it-IT\",\"publisher\":{\"@id\":\"https:\\\/\\\/www.ilcambiamento.org\\\/wordpress\\\/#organization\"}}]}\n\t\t<\/script>\n\t\t<!-- All in One SEO -->\n\n","aioseo_head_json":{"title":"Calano i servizi ma aumentano le tasse comunali. Uno \u201cstradino\u201d in meno, una \u201cbibliotecaria certificata\u201d mancante e \u2026 - CIVICA IL CAMBIAMENTO - Comune di Tombolo (PD)","description":"L'Amministrazione Andretta taglia i servizi e la \"vera\" forza lavoro per assumere impiegati con la qualifica di Responsabili. Pesanti conseguenze sul territorio e sui servizi. \"Siamo a lanciare un vero grido di allarme per la nostra comunit\u00e0, a seguito delle incomprensibili decisioni che sta prendendo la nuova Giunta Municipale, la quale si sta privando volontariamente","canonical_url":"https:\/\/www.ilcambiamento.org\/wordpress\/calano-i-servizi-aumentano-tasse-stradino-in-meno-bibliotecaria-certificata-mancante\/","robots":"max-image-preview:large","keywords":"","webmasterTools":{"miscellaneous":""},"schema":{"@context":"https:\/\/schema.org","@graph":[{"@type":"BreadcrumbList","@id":"https:\/\/www.ilcambiamento.org\/wordpress\/calano-i-servizi-aumentano-tasse-stradino-in-meno-bibliotecaria-certificata-mancante\/#breadcrumblist","itemListElement":[{"@type":"ListItem","@id":"https:\/\/www.ilcambiamento.org\/wordpress#listItem","position":1,"name":"Home","item":"https:\/\/www.ilcambiamento.org\/wordpress","nextItem":{"@type":"ListItem","@id":"https:\/\/www.ilcambiamento.org\/wordpress\/calano-i-servizi-aumentano-tasse-stradino-in-meno-bibliotecaria-certificata-mancante\/#listItem","name":"Calano i servizi ma aumentano le tasse comunali. Uno &#8220;stradino&#8221; in meno, una &#8220;bibliotecaria certificata&#8221; mancante e &#8230;"}},{"@type":"ListItem","@id":"https:\/\/www.ilcambiamento.org\/wordpress\/calano-i-servizi-aumentano-tasse-stradino-in-meno-bibliotecaria-certificata-mancante\/#listItem","position":2,"name":"Calano i servizi ma aumentano le tasse comunali. Uno &#8220;stradino&#8221; in meno, una &#8220;bibliotecaria certificata&#8221; mancante e &#8230;","previousItem":{"@type":"ListItem","@id":"https:\/\/www.ilcambiamento.org\/wordpress#listItem","name":"Home"}}]},{"@type":"Organization","@id":"https:\/\/www.ilcambiamento.org\/wordpress\/#organization","name":"CIVICA IL CAMBIAMENTO - Comune di Tombolo (PD)","description":"Una vera lista CIVICA per cambiare in meglio Tombolo ed Onara ...","url":"https:\/\/www.ilcambiamento.org\/wordpress\/","logo":{"@type":"ImageObject","url":"https:\/\/i0.wp.com\/www.ilcambiamento.org\/wordpress\/wp-content\/uploads\/2014\/03\/cropped-cropped-cropped-cambiamento_logo_GRANDE3-e1747828781946.png?fit=150%2C149&ssl=1","@id":"https:\/\/www.ilcambiamento.org\/wordpress\/calano-i-servizi-aumentano-tasse-stradino-in-meno-bibliotecaria-certificata-mancante\/#organizationLogo","width":150,"height":149},"image":{"@id":"https:\/\/www.ilcambiamento.org\/wordpress\/calano-i-servizi-aumentano-tasse-stradino-in-meno-bibliotecaria-certificata-mancante\/#organizationLogo"},"sameAs":["https:\/\/www.facebook.com\/civicailcambiamento\/","https:\/\/www.instagram.com\/civica_il_cambiamento\/"]},{"@type":"WebPage","@id":"https:\/\/www.ilcambiamento.org\/wordpress\/calano-i-servizi-aumentano-tasse-stradino-in-meno-bibliotecaria-certificata-mancante\/#webpage","url":"https:\/\/www.ilcambiamento.org\/wordpress\/calano-i-servizi-aumentano-tasse-stradino-in-meno-bibliotecaria-certificata-mancante\/","name":"Calano i servizi ma aumentano le tasse comunali. Uno \u201cstradino\u201d in meno, una \u201cbibliotecaria certificata\u201d mancante e \u2026 - CIVICA IL CAMBIAMENTO - Comune di Tombolo (PD)","description":"L'Amministrazione Andretta taglia i servizi e la \"vera\" forza lavoro per assumere impiegati con la qualifica di Responsabili. Pesanti conseguenze sul territorio e sui servizi. \"Siamo a lanciare un vero grido di allarme per la nostra comunit\u00e0, a seguito delle incomprensibili decisioni che sta prendendo la nuova Giunta Municipale, la quale si sta privando volontariamente","inLanguage":"it-IT","isPartOf":{"@id":"https:\/\/www.ilcambiamento.org\/wordpress\/#website"},"breadcrumb":{"@id":"https:\/\/www.ilcambiamento.org\/wordpress\/calano-i-servizi-aumentano-tasse-stradino-in-meno-bibliotecaria-certificata-mancante\/#breadcrumblist"},"datePublished":"2014-11-13T16:55:51+01:00","dateModified":"2014-11-13T17:08:52+01:00"},{"@type":"WebSite","@id":"https:\/\/www.ilcambiamento.org\/wordpress\/#website","url":"https:\/\/www.ilcambiamento.org\/wordpress\/","name":"CIVICA IL CAMBIAMENTO - Comune di Tombolo (PD)","description":"Una vera lista CIVICA per cambiare in meglio Tombolo ed Onara ...","inLanguage":"it-IT","publisher":{"@id":"https:\/\/www.ilcambiamento.org\/wordpress\/#organization"}}]},"og:locale":"it_IT","og:site_name":"CIVICA IL CAMBIAMENTO - Comune di Tombolo (PD) - Una vera lista CIVICA per cambiare in meglio Tombolo ed Onara ...","og:type":"article","og:title":"Calano i servizi ma aumentano le tasse comunali. Uno \u201cstradino\u201d in meno, una \u201cbibliotecaria certificata\u201d mancante e \u2026 - CIVICA IL CAMBIAMENTO - Comune di Tombolo (PD)","og:description":"L'Amministrazione Andretta taglia i servizi e la &quot;vera&quot; forza lavoro per assumere impiegati con la qualifica di Responsabili. Pesanti conseguenze sul territorio e sui servizi. &quot;Siamo a lanciare un vero grido di allarme per la nostra comunit\u00e0, a seguito delle incomprensibili decisioni che sta prendendo la nuova Giunta Municipale, la quale si sta privando volontariamente","og:url":"https:\/\/www.ilcambiamento.org\/wordpress\/calano-i-servizi-aumentano-tasse-stradino-in-meno-bibliotecaria-certificata-mancante\/","og:image":"https:\/\/www.ilcambiamento.org\/wordpress\/wp-content\/uploads\/2014\/03\/cropped-cropped-cambiamento_logo_GRANDE3-e1747828781946.png","og:image:secure_url":"https:\/\/www.ilcambiamento.org\/wordpress\/wp-content\/uploads\/2014\/03\/cropped-cropped-cambiamento_logo_GRANDE3-e1747828781946.png","og:image:width":150,"og:image:height":150,"article:published_time":"2014-11-13T15:55:51+00:00","article:modified_time":"2014-11-13T16:08:52+00:00","article:publisher":"https:\/\/www.facebook.com\/civicailcambiamento\/","twitter:card":"summary_large_image","twitter:title":"Calano i servizi ma aumentano le tasse comunali. Uno \u201cstradino\u201d in meno, una \u201cbibliotecaria certificata\u201d mancante e \u2026 - CIVICA IL CAMBIAMENTO - Comune di Tombolo (PD)","twitter:description":"L'Amministrazione Andretta taglia i servizi e la &quot;vera&quot; forza lavoro per assumere impiegati con la qualifica di Responsabili. Pesanti conseguenze sul territorio e sui servizi. &quot;Siamo a lanciare un vero grido di allarme per la nostra comunit\u00e0, a seguito delle incomprensibili decisioni che sta prendendo la nuova Giunta Municipale, la quale si sta privando volontariamente","twitter:image":"https:\/\/www.ilcambiamento.org\/wordpress\/wp-content\/uploads\/2014\/03\/cropped-cropped-cambiamento_logo_GRANDE3-e1747828781946.png"},"aioseo_meta_data":{"post_id":"833","title":null,"description":null,"keywords":null,"keyphrases":null,"primary_term":null,"canonical_url":null,"og_title":null,"og_description":null,"og_object_type":"default","og_image_type":"default","og_image_url":null,"og_image_width":null,"og_image_height":null,"og_image_custom_url":null,"og_image_custom_fields":null,"og_video":null,"og_custom_url":null,"og_article_section":null,"og_article_tags":null,"twitter_use_og":false,"twitter_card":"default","twitter_image_type":"default","twitter_image_url":null,"twitter_image_custom_url":null,"twitter_image_custom_fields":null,"twitter_title":null,"twitter_description":null,"schema":{"blockGraphs":[],"customGraphs":[],"default":{"data":{"Article":[],"Course":[],"Dataset":[],"FAQPage":[],"Movie":[],"Person":[],"Product":[],"ProductReview":[],"Car":[],"Recipe":[],"Service":[],"SoftwareApplication":[],"WebPage":[]},"graphName":"","isEnabled":true},"graphs":[]},"schema_type":"default","schema_type_options":null,"pillar_content":false,"robots_default":true,"robots_noindex":false,"robots_noarchive":false,"robots_nosnippet":false,"robots_nofollow":false,"robots_noimageindex":false,"robots_noodp":false,"robots_notranslate":false,"robots_max_snippet":null,"robots_max_videopreview":null,"robots_max_imagepreview":"large","priority":null,"frequency":null,"local_seo":null,"breadcrumb_settings":null,"limit_modified_date":false,"ai":null,"created":"2025-09-29 10:51:48","updated":"2025-09-29 10:51:48","seo_analyzer_scan_date":null,"focus_keyword":null,"additional_keywords":null,"truseo_locale":null},"aioseo_breadcrumb":"<div class=\"aioseo-breadcrumbs\"><span class=\"aioseo-breadcrumb\">\n\t\t\t<a href=\"https:\/\/www.ilcambiamento.org\/wordpress\" title=\"Home\">Home<\/a>\n\t\t<\/span><span class=\"aioseo-breadcrumb-separator\">&raquo;<\/span><span class=\"aioseo-breadcrumb\">\n\t\t\tCalano i servizi ma aumentano le tasse comunali. Uno \u201cstradino\u201d in meno, una \u201cbibliotecaria certificata\u201d mancante e \u2026\n\t\t<\/span><\/div>","aioseo_breadcrumb_json":[{"label":"Home","link":"https:\/\/www.ilcambiamento.org\/wordpress"},{"label":"Calano i servizi ma aumentano le tasse comunali. Uno &#8220;stradino&#8221; in meno, una &#8220;bibliotecaria certificata&#8221; mancante e &#8230;","link":"https:\/\/www.ilcambiamento.org\/wordpress\/calano-i-servizi-aumentano-tasse-stradino-in-meno-bibliotecaria-certificata-mancante\/"}],"jetpack_shortlink":"https:\/\/wp.me\/P5PPUp-dr","jetpack_sharing_enabled":true,"_links":{"self":[{"href":"https:\/\/www.ilcambiamento.org\/wordpress\/wp-json\/wp\/v2\/pages\/833","targetHints":{"allow":["GET"]}}],"collection":[{"href":"https:\/\/www.ilcambiamento.org\/wordpress\/wp-json\/wp\/v2\/pages"}],"about":[{"href":"https:\/\/www.ilcambiamento.org\/wordpress\/wp-json\/wp\/v2\/types\/page"}],"author":[{"embeddable":true,"href":"https:\/\/www.ilcambiamento.org\/wordpress\/wp-json\/wp\/v2\/users\/5"}],"replies":[{"embeddable":true,"href":"https:\/\/www.ilcambiamento.org\/wordpress\/wp-json\/wp\/v2\/comments?post=833"}],"version-history":[{"count":8,"href":"https:\/\/www.ilcambiamento.org\/wordpress\/wp-json\/wp\/v2\/pages\/833\/revisions"}],"predecessor-version":[{"id":843,"href":"https:\/\/www.ilcambiamento.org\/wordpress\/wp-json\/wp\/v2\/pages\/833\/revisions\/843"}],"wp:attachment":[{"href":"https:\/\/www.ilcambiamento.org\/wordpress\/wp-json\/wp\/v2\/media?parent=833"}],"curies":[{"name":"wp","href":"https:\/\/api.w.org\/{rel}","templated":true}]}}