{"id":689,"date":"2014-08-02T10:29:09","date_gmt":"2014-08-02T08:29:09","guid":{"rendered":"http:\/\/www.ilcambiamento.org\/wordpress\/?page_id=689"},"modified":"2014-08-04T14:54:39","modified_gmt":"2014-08-04T12:54:39","slug":"tombolo-aumentano-tasse-traditi-gli-elettori","status":"publish","type":"page","link":"https:\/\/www.ilcambiamento.org\/wordpress\/tombolo-aumentano-tasse-traditi-gli-elettori\/","title":{"rendered":"TOMBOLO: AUMENTANO LE TASSE &#8211; TRADITI GLI ELETTORI"},"content":{"rendered":"<p><a href=\"https:\/\/i0.wp.com\/www.ilcambiamento.org\/wordpress\/wp-content\/uploads\/2014\/08\/disney-graphics-pinocchio-703547.jpg\"><img data-recalc-dims=\"1\" loading=\"lazy\" decoding=\"async\" class=\"size-medium wp-image-688 alignleft\" alt=\"disney-graphics-pinocchio-703547\" src=\"https:\/\/i0.wp.com\/www.ilcambiamento.org\/wordpress\/wp-content\/uploads\/2014\/08\/disney-graphics-pinocchio-703547-195x300.jpg?resize=195%2C300\" width=\"195\" height=\"300\" srcset=\"https:\/\/i0.wp.com\/www.ilcambiamento.org\/wordpress\/wp-content\/uploads\/2014\/08\/disney-graphics-pinocchio-703547.jpg?resize=195%2C300&amp;ssl=1 195w, https:\/\/i0.wp.com\/www.ilcambiamento.org\/wordpress\/wp-content\/uploads\/2014\/08\/disney-graphics-pinocchio-703547.jpg?resize=162%2C250&amp;ssl=1 162w, https:\/\/i0.wp.com\/www.ilcambiamento.org\/wordpress\/wp-content\/uploads\/2014\/08\/disney-graphics-pinocchio-703547.jpg?w=206&amp;ssl=1 206w\" sizes=\"auto, (max-width: 195px) 100vw, 195px\" \/><\/a><\/p>\n<p style=\"text-align: justify;\">Tombolo, 2 agosto 2014<\/p>\n<p style=\"text-align: justify;\">Come avevamo preannunciato in campagna elettorale <strong>le promesse del nuovo Sindaco Andretta si sono rilevate delle autentiche bugie, <\/strong>cos\u00ec grandi da far impallidire anche pinocchio. Avevano scritto nel loro programma elettorale &#8220;Aliquote TASI (ex-Imu) al minimo.&#8221; \u00a0L&#8217;aliquota TASI (EX-IMU) \u00e8 solo una, quella relativa alla prima casa dove \u00e8 stata cancellata l&#8217;IMU e rinominata in TASI. L&#8217;IMU \u00e8 rimasta tale su tutti gli altri immobili.<\/p>\n<p style=\"text-align: justify;\">Il Sindaco aveva infarcito la sua campagna elettorale parlando di abbassamento di tutte le tasse grazie alla lotta agli sprechi (inesistenti). Oggi i cittadini affrontano purtroppo la dura realt\u00e0 e la prova della verit\u00e0 dinanzi ad un&#8217;Amministrazione bugiarda, di cui avranno perfetta evidenza quando arriver\u00e0 il giorno del pagamento delle tasse. <strong>INVITIAMO TUTTI I CITTADINI A TENERE SOTTOMANO LA RICEVUTA DELL&#8217;F24 cha hanno pagato a Gennaio 2014 relativa all&#8217;unica tassa sulla prima casa che hanno pagato nel 2013 con l&#8217;Amministrazione Zorzo, verificando quanto invece pagheranno nei prossimi mesi rispetto a quanto pagato per il 2013.<\/strong> Infatti, la nuova amministrazione comunale, molto inesperta sul fronte amministrativo, ma molto esperta in demagogia, populismo e nel &#8220;vendere fumo&#8221;, non ha deliberato l&#8217;aliquota TASI a ZERO sulla prima casa (minimo), come promesso e scritto in campagna elettorale, ma al contrario ha addirittura deliberato l&#8217;aliquota massima consentita dalla legge per le abitazioni con rendita oltre i 900 euro.<\/p>\n<p style=\"text-align: justify;\"><strong>Il Sindaco Andretta ha infatti deliberato aliquote TASI elevate<span style=\"font-size: 0.9em; line-height: 1.5em;\">\u00a0<\/span><span style=\"font-family: inherit; font-size: inherit; font-style: inherit; font-variant: inherit; line-height: inherit;\">(ex-Imu), al contrario di quanto promesso: aliquota massima del 2,5 per mille per rendite catastali delle prime case superiori a 900 euro, dell&#8217;1,5 per mille per rendite da 401 euro a 900 euro e aliquota zero solo per i mini-appartamenti e monolocali. <\/span>Essi stessi dichiarano di incassare 600.000 euro dalla sola TASI sulla prima casa, mentre nel 2013 l&#8217;amministrazione guidata dalla Civica Il Cambiamento ne ha chiesti ai\u00a0cittadini solo 150.000.<\/strong><\/p>\n<p style=\"text-align: center;\"><strong>LE TASSE SONO QUINDI AUMENTATE O DIMINUITE &#8230; SE IL COMUNE INCASSA 450.000 EURO IN PIU&#8217; ?<\/strong><\/p>\n<p style=\"text-align: justify;\">Ma non \u00e8 finita qui: infatti la &#8220;brava&#8221; amministrazione Andretta ha anche <strong>ELIMINATO LA DETRAZIONE SULLA PRIMA CASA DI 200 EURO E DI 50 EURO PER FIGLI FINO A 26 ANNI, con grande aggravio di costi per le famiglie numerose. NON VI E&#8217; PIU&#8217; ALCUNA DETRAZIONE SULLA PRIMA CASA.<\/strong><\/p>\n<p style=\"text-align: justify;\">Dopo la STANGATA di oltre il 300% della tassa sulla prima casa, \u00e8 stata almeno abbassata l&#8217;aliquota <strong>IMU sulle seconde case, su negozi, attivit\u00e0 commerciali ed attivit\u00e0 produttive ?\u00a0<\/strong><strong>NO, le aliquote sono rimaste quelle fissate dalla precedente amministrazione comunale ossia all&#8217;8,5 per mille. Stessa cosa dicasi per\u00a0l&#8217;ADDIZIONALE IRPEF che \u00e8 rimasta invariata allo 0,6 per mille. Ma come, non dovevano abbassare le tasse ???\u00a0<\/strong><\/p>\n<p style=\"text-align: justify;\">La cosa grave \u00e8 che questa nuova Amministrazione Comunale pensa evidentemente di avere a che fare con delle persone ingenue e sprovvedute. Ha pensato di &#8220;vendere fumo&#8221; confondendo le acque, abbassando le aliquote pi\u00f9 insignificanti in termini di bilancio, sapendo che queste uniche riduzioni di aliquota sono ridicole in termini di valori assoluti di bilancio rispetto a quanto in pi\u00f9 si chieder\u00e0 sulle prime case. Per fare demagogia e far credere che qualcosa si sia fatto, sono state abbassate le aliquote sui terreni agricoli, sulle aree edificabili e sui comodati d&#8217;uso mentre si sono aumentate ingiustificatamente quelle sulla prima casa. <strong>Peccato che la somma di tutte queste riduzioni comportino una riduzione degli introiti comunali di soli 105.000 euro a fronte invece dell&#8217;aumento di oltre 450.000 euro in pi\u00f9 rispetto al 2013, ulteriori tasse che i cittadini proprietari di prima casa dovranno pagare nel 2014.<\/strong> La strumentalizzazione e la demagogia raggiungono poi temi di farsa, quando addirittura dicono di aver messo la TASI a zero su tutti gli immobili su cui grava l&#8217;IMU (seconde case, negozi, attivit\u00e0 commerciali e produttive)! Ci mancava solo che il Comune mettesse una nuova tassa anche laddove l&#8217;IMU era rimasta per legge ! Volevano forse mettere la TASI anche su quegli immobili ?!<\/p>\n<p style=\"text-align: justify;\">In tutti i documenti di bilancio appare inequivocabile l&#8217;aumento della tassazione derivanti dalla TASI. Appare addirittura infantile il tentativo di denunciare che si sarebbe potuto aumentare ancora di pi\u00f9 la TASI se la si fosse imposta anche a chi gi\u00e0 subisce l&#8217;IMU. Rispetto al 2013 quindi i cittadini si troveranno a pagare un aumento della tasse che, a causa delle aliquote TASI elevate decise dall&#8217;amministrazione comunale si troveranno a pagare mediamente il 300% in pi\u00f9 sulla prima casa di quanto pagato nel 2013. La precedente amministrazione comunale \u00a0aveva invece chiuso il bilancio in attivo chiedendo solo 150.000 euro di sola MINI -IMU sulla prima casa, pari alll&#8217;1 per mille. il Sindaco Andretta ne chieder\u00e0 invece 600.000 euro.<\/p>\n<p style=\"text-align: center;\"><strong>E questo lo chiamano abbassare le tasse ! Queste erano state le loro promesse &#8230; mentre questi sono i fatti ! GIUDICATE VOI !<\/strong><\/p>\n<p style=\"text-align: justify;\">Invitiamo i cittadini a seguirci presso il nostro sito nelle prossime settimane perch\u00e9 forniremo ulteriori dettagli sul bilancio e sulle opere pubbliche. Informiamo inoltre come l&#8217;Amministrazione Comunale guidata dal Sindaco Andretta, dopo aver convocato il consiglio comunale sul suo primo &#8220;bilancio e piano triennale delle opere pubbliche&#8221; per Il 30 luglio, abbia dovuto VOLGERE IN RITIRATA, ritirando l&#8217;ordine del giorno stesso per rifare e correggere il bilancio appena presentato dopo due mesi di inutile attesa. Questa \u00e8 l&#8217;ennesima dimostrazione che siamo veramente dinanzi ad un&#8217;improvvisazione assolutamente preoccupante che riguarda una delle materie pi\u00f9 importanti di un ente locale: il bilancio.<\/p>\n<p style=\"text-align: left;\">Gruppo Consiliare &#8211; Civica IL CAMBIAMENTO<\/p>\n<p>&nbsp;<\/p>\n","protected":false},"excerpt":{"rendered":"<p>Tombolo, 2 agosto 2014 Come avevamo preannunciato in campagna elettorale le promesse del nuovo Sindaco Andretta si [&hellip;]<\/p>\n","protected":false},"author":5,"featured_media":0,"parent":0,"menu_order":0,"comment_status":"closed","ping_status":"closed","template":"","meta":{"_acf_changed":false,"om_disable_all_campaigns":false,"_monsterinsights_skip_tracking":false,"_uf_show_specific_survey":0,"_uf_disable_surveys":false,"ngg_post_thumbnail":0,"jetpack_post_was_ever_published":false,"footnotes":""},"class_list":["post-689","page","type-page","status-publish","hentry"],"acf":[],"aioseo_notices":[],"aioseo_head":"\n\t\t<!-- All in One SEO 5.0.1.1 - aioseo.com -->\n\t<meta name=\"description\" content=\"Tombolo, 2 agosto 2014 Come avevamo preannunciato in campagna elettorale le promesse del nuovo Sindaco Andretta si sono rilevate delle autentiche bugie, cos\u00ec grandi da far impallidire anche pinocchio. Avevano scritto nel loro programma elettorale &quot;Aliquote TASI (ex-Imu) al minimo.&quot; L&#039;aliquota TASI (EX-IMU) \u00e8 solo una, quella relativa alla prima casa dove \u00e8 stata cancellata\" \/>\n\t<meta name=\"robots\" content=\"max-image-preview:large\" \/>\n\t<link rel=\"canonical\" href=\"https:\/\/www.ilcambiamento.org\/wordpress\/tombolo-aumentano-tasse-traditi-gli-elettori\/\" \/>\n\t<meta name=\"generator\" content=\"All in One SEO (AIOSEO) 5.0.1.1\" \/>\n\t\t<meta property=\"og:locale\" content=\"it_IT\" \/>\n\t\t<meta property=\"og:site_name\" content=\"CIVICA IL CAMBIAMENTO - Comune di Tombolo (PD) - Una vera lista CIVICA per cambiare in meglio Tombolo ed Onara ...\" \/>\n\t\t<meta property=\"og:type\" content=\"article\" \/>\n\t\t<meta property=\"og:title\" content=\"TOMBOLO: AUMENTANO LE TASSE \u2013 TRADITI GLI ELETTORI - CIVICA IL CAMBIAMENTO - Comune di Tombolo (PD)\" \/>\n\t\t<meta property=\"og:description\" content=\"Tombolo, 2 agosto 2014 Come avevamo preannunciato in campagna elettorale le promesse del nuovo Sindaco Andretta si sono rilevate delle autentiche bugie, cos\u00ec grandi da far impallidire anche pinocchio. Avevano scritto nel loro programma elettorale &quot;Aliquote TASI (ex-Imu) al minimo.&quot; L&#039;aliquota TASI (EX-IMU) \u00e8 solo una, quella relativa alla prima casa dove \u00e8 stata cancellata\" \/>\n\t\t<meta property=\"og:url\" content=\"https:\/\/www.ilcambiamento.org\/wordpress\/tombolo-aumentano-tasse-traditi-gli-elettori\/\" \/>\n\t\t<meta property=\"og:image\" content=\"https:\/\/www.ilcambiamento.org\/wordpress\/wp-content\/uploads\/2014\/03\/cropped-cropped-cambiamento_logo_GRANDE3-e1747828781946.png\" \/>\n\t\t<meta property=\"og:image:secure_url\" content=\"https:\/\/www.ilcambiamento.org\/wordpress\/wp-content\/uploads\/2014\/03\/cropped-cropped-cambiamento_logo_GRANDE3-e1747828781946.png\" \/>\n\t\t<meta property=\"og:image:width\" content=\"150\" \/>\n\t\t<meta property=\"og:image:height\" content=\"150\" \/>\n\t\t<meta property=\"article:published_time\" content=\"2014-08-02T08:29:09+00:00\" \/>\n\t\t<meta property=\"article:modified_time\" content=\"2014-08-04T12:54:39+00:00\" \/>\n\t\t<meta property=\"article:publisher\" content=\"https:\/\/www.facebook.com\/civicailcambiamento\/\" \/>\n\t\t<meta name=\"twitter:card\" content=\"summary_large_image\" \/>\n\t\t<meta name=\"twitter:title\" content=\"TOMBOLO: AUMENTANO LE TASSE \u2013 TRADITI GLI ELETTORI - CIVICA IL CAMBIAMENTO - Comune di Tombolo (PD)\" \/>\n\t\t<meta name=\"twitter:description\" content=\"Tombolo, 2 agosto 2014 Come avevamo preannunciato in campagna elettorale le promesse del nuovo Sindaco Andretta si sono rilevate delle autentiche bugie, cos\u00ec grandi da far impallidire anche pinocchio. Avevano scritto nel loro programma elettorale &quot;Aliquote TASI (ex-Imu) al minimo.&quot; L&#039;aliquota TASI (EX-IMU) \u00e8 solo una, quella relativa alla prima casa dove \u00e8 stata cancellata\" \/>\n\t\t<meta name=\"twitter:image\" content=\"https:\/\/www.ilcambiamento.org\/wordpress\/wp-content\/uploads\/2014\/03\/cropped-cropped-cambiamento_logo_GRANDE3-e1747828781946.png\" \/>\n\t\t<script type=\"application\/ld+json\" class=\"aioseo-schema\">\n\t\t\t{\"@context\":\"https:\\\/\\\/schema.org\",\"@graph\":[{\"@type\":\"BreadcrumbList\",\"@id\":\"https:\\\/\\\/www.ilcambiamento.org\\\/wordpress\\\/tombolo-aumentano-tasse-traditi-gli-elettori\\\/#breadcrumblist\",\"itemListElement\":[{\"@type\":\"ListItem\",\"@id\":\"https:\\\/\\\/www.ilcambiamento.org\\\/wordpress#listItem\",\"position\":1,\"name\":\"Home\",\"item\":\"https:\\\/\\\/www.ilcambiamento.org\\\/wordpress\",\"nextItem\":{\"@type\":\"ListItem\",\"@id\":\"https:\\\/\\\/www.ilcambiamento.org\\\/wordpress\\\/tombolo-aumentano-tasse-traditi-gli-elettori\\\/#listItem\",\"name\":\"TOMBOLO: AUMENTANO LE TASSE &#8211; TRADITI GLI ELETTORI\"}},{\"@type\":\"ListItem\",\"@id\":\"https:\\\/\\\/www.ilcambiamento.org\\\/wordpress\\\/tombolo-aumentano-tasse-traditi-gli-elettori\\\/#listItem\",\"position\":2,\"name\":\"TOMBOLO: AUMENTANO LE TASSE &#8211; TRADITI GLI ELETTORI\",\"previousItem\":{\"@type\":\"ListItem\",\"@id\":\"https:\\\/\\\/www.ilcambiamento.org\\\/wordpress#listItem\",\"name\":\"Home\"}}]},{\"@type\":\"Organization\",\"@id\":\"https:\\\/\\\/www.ilcambiamento.org\\\/wordpress\\\/#organization\",\"name\":\"CIVICA IL CAMBIAMENTO - Comune di Tombolo (PD)\",\"description\":\"Una vera lista CIVICA per cambiare in meglio Tombolo ed Onara ...\",\"url\":\"https:\\\/\\\/www.ilcambiamento.org\\\/wordpress\\\/\",\"logo\":{\"@type\":\"ImageObject\",\"url\":\"https:\\\/\\\/i0.wp.com\\\/www.ilcambiamento.org\\\/wordpress\\\/wp-content\\\/uploads\\\/2014\\\/03\\\/cropped-cropped-cropped-cambiamento_logo_GRANDE3-e1747828781946.png?fit=150%2C149&ssl=1\",\"@id\":\"https:\\\/\\\/www.ilcambiamento.org\\\/wordpress\\\/tombolo-aumentano-tasse-traditi-gli-elettori\\\/#organizationLogo\",\"width\":150,\"height\":149},\"image\":{\"@id\":\"https:\\\/\\\/www.ilcambiamento.org\\\/wordpress\\\/tombolo-aumentano-tasse-traditi-gli-elettori\\\/#organizationLogo\"},\"sameAs\":[\"https:\\\/\\\/www.facebook.com\\\/civicailcambiamento\\\/\",\"https:\\\/\\\/www.instagram.com\\\/civica_il_cambiamento\\\/\"]},{\"@type\":\"WebPage\",\"@id\":\"https:\\\/\\\/www.ilcambiamento.org\\\/wordpress\\\/tombolo-aumentano-tasse-traditi-gli-elettori\\\/#webpage\",\"url\":\"https:\\\/\\\/www.ilcambiamento.org\\\/wordpress\\\/tombolo-aumentano-tasse-traditi-gli-elettori\\\/\",\"name\":\"TOMBOLO: AUMENTANO LE TASSE \\u2013 TRADITI GLI ELETTORI - CIVICA IL CAMBIAMENTO - Comune di Tombolo (PD)\",\"description\":\"Tombolo, 2 agosto 2014 Come avevamo preannunciato in campagna elettorale le promesse del nuovo Sindaco Andretta si sono rilevate delle autentiche bugie, cos\\u00ec grandi da far impallidire anche pinocchio. Avevano scritto nel loro programma elettorale \\\"Aliquote TASI (ex-Imu) al minimo.\\\" L'aliquota TASI (EX-IMU) \\u00e8 solo una, quella relativa alla prima casa dove \\u00e8 stata cancellata\",\"inLanguage\":\"it-IT\",\"isPartOf\":{\"@id\":\"https:\\\/\\\/www.ilcambiamento.org\\\/wordpress\\\/#website\"},\"breadcrumb\":{\"@id\":\"https:\\\/\\\/www.ilcambiamento.org\\\/wordpress\\\/tombolo-aumentano-tasse-traditi-gli-elettori\\\/#breadcrumblist\"},\"datePublished\":\"2014-08-02T10:29:09+02:00\",\"dateModified\":\"2014-08-04T14:54:39+02:00\"},{\"@type\":\"WebSite\",\"@id\":\"https:\\\/\\\/www.ilcambiamento.org\\\/wordpress\\\/#website\",\"url\":\"https:\\\/\\\/www.ilcambiamento.org\\\/wordpress\\\/\",\"name\":\"CIVICA IL CAMBIAMENTO - Comune di Tombolo (PD)\",\"description\":\"Una vera lista CIVICA per cambiare in meglio Tombolo ed Onara ...\",\"inLanguage\":\"it-IT\",\"publisher\":{\"@id\":\"https:\\\/\\\/www.ilcambiamento.org\\\/wordpress\\\/#organization\"}}]}\n\t\t<\/script>\n\t\t<!-- All in One SEO -->\n\n","aioseo_head_json":{"title":"TOMBOLO: AUMENTANO LE TASSE \u2013 TRADITI GLI ELETTORI - CIVICA IL CAMBIAMENTO - Comune di Tombolo (PD)","description":"Tombolo, 2 agosto 2014 Come avevamo preannunciato in campagna elettorale le promesse del nuovo Sindaco Andretta si sono rilevate delle autentiche bugie, cos\u00ec grandi da far impallidire anche pinocchio. Avevano scritto nel loro programma elettorale \"Aliquote TASI (ex-Imu) al minimo.\" L'aliquota TASI (EX-IMU) \u00e8 solo una, quella relativa alla prima casa dove \u00e8 stata cancellata","canonical_url":"https:\/\/www.ilcambiamento.org\/wordpress\/tombolo-aumentano-tasse-traditi-gli-elettori\/","robots":"max-image-preview:large","keywords":"","webmasterTools":{"miscellaneous":""},"schema":{"@context":"https:\/\/schema.org","@graph":[{"@type":"BreadcrumbList","@id":"https:\/\/www.ilcambiamento.org\/wordpress\/tombolo-aumentano-tasse-traditi-gli-elettori\/#breadcrumblist","itemListElement":[{"@type":"ListItem","@id":"https:\/\/www.ilcambiamento.org\/wordpress#listItem","position":1,"name":"Home","item":"https:\/\/www.ilcambiamento.org\/wordpress","nextItem":{"@type":"ListItem","@id":"https:\/\/www.ilcambiamento.org\/wordpress\/tombolo-aumentano-tasse-traditi-gli-elettori\/#listItem","name":"TOMBOLO: AUMENTANO LE TASSE &#8211; TRADITI GLI ELETTORI"}},{"@type":"ListItem","@id":"https:\/\/www.ilcambiamento.org\/wordpress\/tombolo-aumentano-tasse-traditi-gli-elettori\/#listItem","position":2,"name":"TOMBOLO: AUMENTANO LE TASSE &#8211; TRADITI GLI ELETTORI","previousItem":{"@type":"ListItem","@id":"https:\/\/www.ilcambiamento.org\/wordpress#listItem","name":"Home"}}]},{"@type":"Organization","@id":"https:\/\/www.ilcambiamento.org\/wordpress\/#organization","name":"CIVICA IL CAMBIAMENTO - Comune di Tombolo (PD)","description":"Una vera lista CIVICA per cambiare in meglio Tombolo ed Onara ...","url":"https:\/\/www.ilcambiamento.org\/wordpress\/","logo":{"@type":"ImageObject","url":"https:\/\/i0.wp.com\/www.ilcambiamento.org\/wordpress\/wp-content\/uploads\/2014\/03\/cropped-cropped-cropped-cambiamento_logo_GRANDE3-e1747828781946.png?fit=150%2C149&ssl=1","@id":"https:\/\/www.ilcambiamento.org\/wordpress\/tombolo-aumentano-tasse-traditi-gli-elettori\/#organizationLogo","width":150,"height":149},"image":{"@id":"https:\/\/www.ilcambiamento.org\/wordpress\/tombolo-aumentano-tasse-traditi-gli-elettori\/#organizationLogo"},"sameAs":["https:\/\/www.facebook.com\/civicailcambiamento\/","https:\/\/www.instagram.com\/civica_il_cambiamento\/"]},{"@type":"WebPage","@id":"https:\/\/www.ilcambiamento.org\/wordpress\/tombolo-aumentano-tasse-traditi-gli-elettori\/#webpage","url":"https:\/\/www.ilcambiamento.org\/wordpress\/tombolo-aumentano-tasse-traditi-gli-elettori\/","name":"TOMBOLO: AUMENTANO LE TASSE \u2013 TRADITI GLI ELETTORI - CIVICA IL CAMBIAMENTO - Comune di Tombolo (PD)","description":"Tombolo, 2 agosto 2014 Come avevamo preannunciato in campagna elettorale le promesse del nuovo Sindaco Andretta si sono rilevate delle autentiche bugie, cos\u00ec grandi da far impallidire anche pinocchio. Avevano scritto nel loro programma elettorale \"Aliquote TASI (ex-Imu) al minimo.\" L'aliquota TASI (EX-IMU) \u00e8 solo una, quella relativa alla prima casa dove \u00e8 stata cancellata","inLanguage":"it-IT","isPartOf":{"@id":"https:\/\/www.ilcambiamento.org\/wordpress\/#website"},"breadcrumb":{"@id":"https:\/\/www.ilcambiamento.org\/wordpress\/tombolo-aumentano-tasse-traditi-gli-elettori\/#breadcrumblist"},"datePublished":"2014-08-02T10:29:09+02:00","dateModified":"2014-08-04T14:54:39+02:00"},{"@type":"WebSite","@id":"https:\/\/www.ilcambiamento.org\/wordpress\/#website","url":"https:\/\/www.ilcambiamento.org\/wordpress\/","name":"CIVICA IL CAMBIAMENTO - Comune di Tombolo (PD)","description":"Una vera lista CIVICA per cambiare in meglio Tombolo ed Onara ...","inLanguage":"it-IT","publisher":{"@id":"https:\/\/www.ilcambiamento.org\/wordpress\/#organization"}}]},"og:locale":"it_IT","og:site_name":"CIVICA IL CAMBIAMENTO - Comune di Tombolo (PD) - Una vera lista CIVICA per cambiare in meglio Tombolo ed Onara ...","og:type":"article","og:title":"TOMBOLO: AUMENTANO LE TASSE \u2013 TRADITI GLI ELETTORI - CIVICA IL CAMBIAMENTO - Comune di Tombolo (PD)","og:description":"Tombolo, 2 agosto 2014 Come avevamo preannunciato in campagna elettorale le promesse del nuovo Sindaco Andretta si sono rilevate delle autentiche bugie, cos\u00ec grandi da far impallidire anche pinocchio. Avevano scritto nel loro programma elettorale &quot;Aliquote TASI (ex-Imu) al minimo.&quot; L'aliquota TASI (EX-IMU) \u00e8 solo una, quella relativa alla prima casa dove \u00e8 stata cancellata","og:url":"https:\/\/www.ilcambiamento.org\/wordpress\/tombolo-aumentano-tasse-traditi-gli-elettori\/","og:image":"https:\/\/www.ilcambiamento.org\/wordpress\/wp-content\/uploads\/2014\/03\/cropped-cropped-cambiamento_logo_GRANDE3-e1747828781946.png","og:image:secure_url":"https:\/\/www.ilcambiamento.org\/wordpress\/wp-content\/uploads\/2014\/03\/cropped-cropped-cambiamento_logo_GRANDE3-e1747828781946.png","og:image:width":150,"og:image:height":150,"article:published_time":"2014-08-02T08:29:09+00:00","article:modified_time":"2014-08-04T12:54:39+00:00","article:publisher":"https:\/\/www.facebook.com\/civicailcambiamento\/","twitter:card":"summary_large_image","twitter:title":"TOMBOLO: AUMENTANO LE TASSE \u2013 TRADITI GLI ELETTORI - CIVICA IL CAMBIAMENTO - Comune di Tombolo (PD)","twitter:description":"Tombolo, 2 agosto 2014 Come avevamo preannunciato in campagna elettorale le promesse del nuovo Sindaco Andretta si sono rilevate delle autentiche bugie, cos\u00ec grandi da far impallidire anche pinocchio. Avevano scritto nel loro programma elettorale &quot;Aliquote TASI (ex-Imu) al minimo.&quot; L'aliquota TASI (EX-IMU) \u00e8 solo una, quella relativa alla prima casa dove \u00e8 stata cancellata","twitter:image":"https:\/\/www.ilcambiamento.org\/wordpress\/wp-content\/uploads\/2014\/03\/cropped-cropped-cambiamento_logo_GRANDE3-e1747828781946.png"},"aioseo_meta_data":{"post_id":"689","title":null,"description":null,"keywords":null,"keyphrases":null,"primary_term":null,"canonical_url":null,"og_title":null,"og_description":null,"og_object_type":"default","og_image_type":"default","og_image_url":null,"og_image_width":null,"og_image_height":null,"og_image_custom_url":null,"og_image_custom_fields":null,"og_video":null,"og_custom_url":null,"og_article_section":null,"og_article_tags":null,"twitter_use_og":false,"twitter_card":"default","twitter_image_type":"default","twitter_image_url":null,"twitter_image_custom_url":null,"twitter_image_custom_fields":null,"twitter_title":null,"twitter_description":null,"schema":{"blockGraphs":[],"customGraphs":[],"default":{"data":{"Article":[],"Course":[],"Dataset":[],"FAQPage":[],"Movie":[],"Person":[],"Product":[],"ProductReview":[],"Car":[],"Recipe":[],"Service":[],"SoftwareApplication":[],"WebPage":[]},"graphName":"","isEnabled":true},"graphs":[]},"schema_type":"default","schema_type_options":null,"pillar_content":false,"robots_default":true,"robots_noindex":false,"robots_noarchive":false,"robots_nosnippet":false,"robots_nofollow":false,"robots_noimageindex":false,"robots_noodp":false,"robots_notranslate":false,"robots_max_snippet":null,"robots_max_videopreview":null,"robots_max_imagepreview":"large","priority":null,"frequency":null,"local_seo":null,"breadcrumb_settings":null,"limit_modified_date":false,"ai":null,"created":"2025-09-29 10:50:46","updated":"2025-09-29 10:50:46","seo_analyzer_scan_date":null,"focus_keyword":null,"additional_keywords":null,"truseo_locale":null},"aioseo_breadcrumb":"<div class=\"aioseo-breadcrumbs\"><span class=\"aioseo-breadcrumb\">\n\t\t\t<a href=\"https:\/\/www.ilcambiamento.org\/wordpress\" title=\"Home\">Home<\/a>\n\t\t<\/span><span class=\"aioseo-breadcrumb-separator\">&raquo;<\/span><span class=\"aioseo-breadcrumb\">\n\t\t\tTOMBOLO: AUMENTANO LE TASSE \u2013 TRADITI GLI ELETTORI\n\t\t<\/span><\/div>","aioseo_breadcrumb_json":[{"label":"Home","link":"https:\/\/www.ilcambiamento.org\/wordpress"},{"label":"TOMBOLO: AUMENTANO LE TASSE &#8211; TRADITI GLI ELETTORI","link":"https:\/\/www.ilcambiamento.org\/wordpress\/tombolo-aumentano-tasse-traditi-gli-elettori\/"}],"jetpack_shortlink":"https:\/\/wp.me\/P5PPUp-b7","jetpack_sharing_enabled":true,"_links":{"self":[{"href":"https:\/\/www.ilcambiamento.org\/wordpress\/wp-json\/wp\/v2\/pages\/689","targetHints":{"allow":["GET"]}}],"collection":[{"href":"https:\/\/www.ilcambiamento.org\/wordpress\/wp-json\/wp\/v2\/pages"}],"about":[{"href":"https:\/\/www.ilcambiamento.org\/wordpress\/wp-json\/wp\/v2\/types\/page"}],"author":[{"embeddable":true,"href":"https:\/\/www.ilcambiamento.org\/wordpress\/wp-json\/wp\/v2\/users\/5"}],"replies":[{"embeddable":true,"href":"https:\/\/www.ilcambiamento.org\/wordpress\/wp-json\/wp\/v2\/comments?post=689"}],"version-history":[{"count":32,"href":"https:\/\/www.ilcambiamento.org\/wordpress\/wp-json\/wp\/v2\/pages\/689\/revisions"}],"predecessor-version":[{"id":723,"href":"https:\/\/www.ilcambiamento.org\/wordpress\/wp-json\/wp\/v2\/pages\/689\/revisions\/723"}],"wp:attachment":[{"href":"https:\/\/www.ilcambiamento.org\/wordpress\/wp-json\/wp\/v2\/media?parent=689"}],"curies":[{"name":"wp","href":"https:\/\/api.w.org\/{rel}","templated":true}]}}