{"id":2143,"date":"2020-06-11T15:33:58","date_gmt":"2020-06-11T13:33:58","guid":{"rendered":"https:\/\/www.ilcambiamento.org\/wordpress\/?page_id=2143"},"modified":"2020-06-11T16:05:03","modified_gmt":"2020-06-11T14:05:03","slug":"area-ex-sart-modificata-in-silenzio","status":"publish","type":"page","link":"https:\/\/www.ilcambiamento.org\/wordpress\/area-ex-sart-modificata-in-silenzio\/","title":{"rendered":"Tombolo: Area Ex Sart- Modificata in silenzio &#8230;"},"content":{"rendered":"<h2 style=\"text-align: center;\"><strong>Area Ex Sart- Modificata in silenzio&#8230;<\/strong><\/h2>\n<p>Tombolo,11 giugno 2020<\/p>\n<p style=\"text-align: justify;\">Ci risiamo. L&#8217;Amministrazione Andretta, al contrario di quanto avveniva con la precedente Amministrazione Zorzo, continua a nascondere le proprie idee, i propri atti, non permettendo il confronto con i cittadini, le minoranze (che sono la maggioranza del paese in termine di voti) ed i portatori di interesse economico e sociale, quali ad esempio &nbsp;i proprietari dei piccoli negozi e le categorie economiche ed associazioni.<\/p>\n<p style=\"text-align: justify;\"><strong>Dovevano rilanciare il paese ed invece lo hanno affossato: i gi\u00e0 pochi negozi esistenti hanno chiuso, durante il mandato Andretta, e quei pochi che resistono chiuderanno a breve.<\/strong><\/p>\n<p style=\"text-align: justify;\">La Giunta, senza dare alcuna informazione alla cittadinanza ha modificato in accordo con il &#8220;nuovo privato&#8221; (Supermercati Al\u00ec) il PIRUEA EX SART ereditato, che aveva fatto realizzare all&#8217;Amministrazione Zorzo la nuova Piazza Municipio a costo zero.<\/p>\n<p style=\"text-align: justify;\"><span style=\"color: #ff0000;\">Precisiamo che IL CAMBIAMENTO \u00e8 completamente d&#8217;accordo sul modificare il piano precedente, dato il fallimento dei vecchi proprietari, ed infatti aveva gi\u00e0 predisposto, come \u00e8 noto alla cittadinanza, (in quanto presentato anche durante le elezioni), un nuovo piano facilmente realizzabile che avrebbe permesso ai cittadini del capoluogo di avere un <strong>Parco Pubblico cittadino,<\/strong> in centro paese &nbsp;lungo tutto il lato est della sede Municipale<\/span>.<\/p>\n<p style=\"text-align: justify;\">Abbiamo visto il progetto condiviso tra Sindaco, ViceSindaco e Al\u00ec e siamo rimasti molto dispiaciuti dal vedere che il progetto del Parco, che era stato gi\u00e0 avviato dalla precedente amministrazione comunale, non verr\u00e0 pi\u00f9 realizzato per tutta una serie di ragioni:<\/p>\n<p style=\"text-align: left;\"><strong>1-<\/strong> disinteresse dell&#8217;amministrazione comunale di Cristian Andretta<\/p>\n<p style=\"text-align: left;\"><strong>2-<\/strong> nessuna modifica del Piano degli Interventi eseguita nell&#8217;interesse pubblico ma solo nell&#8217;interesse di &#8220;alcuni&#8221; privati<\/p>\n<p style=\"text-align: left;\"><strong>3-<\/strong> frazionamento del verde di standard pubblico in contrasto con le linee guida regionali con piccole aree praticamente inutilizzabili<\/p>\n<p style=\"text-align: left;\"><strong>4-<\/strong> mancata convocazione delle Commissioni Consiliari, dei Capigruppo ma soprattutto della cittadinanza !<\/p>\n<p style=\"text-align: left;\">&nbsp;<\/p>\n<p style=\"text-align: justifty;\"><strong>E&#8217; ancora possibile che il Parco Pubblico Comunale si possa realizzare secondo legge.<\/strong> Infatti, il 14 maggio scadono i termini delle &#8220;osservazioni&#8221; che tutti i cittadini possono presentare. Peccato che i cittadini non siano stati informati, che nessun volantino dell&#8217;amministrazione comunale sia stato fatto, che nessuna riunione pubblica abbia avuto seguito, come invece avveniva sempre con le amministrazioni comunali passate.<\/p>\n<p style=\"text-align: justify;\">Per tale motivo, <strong>il nostro Consigliere Comunale Franco Zorzo ha presentato un&#8217;osservazione al Piano proposto dall&#8217;Amministrazione Comunale che, se accolta, consentir\u00e0 la realizzazione del Parco Pubblico senza alcun evidente danno per il privato.<\/strong><\/p>\n<p style=\"text-align: justify;\"><span style=\"color: #ff0000;\"><strong>TUTTI I CITTADINI POSSONO PRESENTARE UN&#8217;OSSERVAZIONE IN COMUNE, anche se mancano poche ore alla scadenza dei termini.<\/strong><\/span><\/p>\n<p style=\"text-align: justify;\">Pubblichiamo la tavola esemplificativa approvata dalla Giunta Andretta, nel silenzio dei loro consiglieri di maggioranza complici silenti di queste disfatte.&nbsp;<\/p>\n<p style=\"text-align: justify;\">&nbsp;<\/p>\n<p style=\"text-align: center;\"><img data-recalc-dims=\"1\" loading=\"lazy\" decoding=\"async\" class=\"aligncenter wp-image-2145 size-full\" src=\"https:\/\/i0.wp.com\/www.ilcambiamento.org\/wordpress\/wp-content\/uploads\/2020\/06\/Schermata-2020-06-11-alle-14.52.17.png?resize=740%2C873&#038;ssl=1\" alt=\"\" width=\"740\" height=\"873\" srcset=\"https:\/\/i0.wp.com\/www.ilcambiamento.org\/wordpress\/wp-content\/uploads\/2020\/06\/Schermata-2020-06-11-alle-14.52.17.png?w=1004&amp;ssl=1 1004w, https:\/\/i0.wp.com\/www.ilcambiamento.org\/wordpress\/wp-content\/uploads\/2020\/06\/Schermata-2020-06-11-alle-14.52.17.png?resize=254%2C300&amp;ssl=1 254w, https:\/\/i0.wp.com\/www.ilcambiamento.org\/wordpress\/wp-content\/uploads\/2020\/06\/Schermata-2020-06-11-alle-14.52.17.png?resize=768%2C906&amp;ssl=1 768w, https:\/\/i0.wp.com\/www.ilcambiamento.org\/wordpress\/wp-content\/uploads\/2020\/06\/Schermata-2020-06-11-alle-14.52.17.png?resize=868%2C1024&amp;ssl=1 868w, https:\/\/i0.wp.com\/www.ilcambiamento.org\/wordpress\/wp-content\/uploads\/2020\/06\/Schermata-2020-06-11-alle-14.52.17.png?resize=204%2C240&amp;ssl=1 204w\" sizes=\"auto, (max-width: 740px) 100vw, 740px\" \/><strong>NUOVO PIANO, TENUTO NASCOSTO, DELL&#8217;AMMINISTRAZIONE ANDRETTA<\/strong><\/p>\n<p>&nbsp;<\/p>\n<p>&nbsp;<\/p>\n<p>&nbsp;<\/p>\n<p>&nbsp;<\/p>\n<p>&nbsp;<\/p>\n<p style=\"text-align: center;\"><img data-recalc-dims=\"1\" loading=\"lazy\" decoding=\"async\" class=\"aligncenter wp-image-2147 size-full\" src=\"https:\/\/i0.wp.com\/www.ilcambiamento.org\/wordpress\/wp-content\/uploads\/2020\/06\/proposta-il-cambiamento.png?resize=740%2C873&#038;ssl=1\" alt=\"\" width=\"740\" height=\"873\" srcset=\"https:\/\/i0.wp.com\/www.ilcambiamento.org\/wordpress\/wp-content\/uploads\/2020\/06\/proposta-il-cambiamento.png?w=1004&amp;ssl=1 1004w, https:\/\/i0.wp.com\/www.ilcambiamento.org\/wordpress\/wp-content\/uploads\/2020\/06\/proposta-il-cambiamento.png?resize=254%2C300&amp;ssl=1 254w, https:\/\/i0.wp.com\/www.ilcambiamento.org\/wordpress\/wp-content\/uploads\/2020\/06\/proposta-il-cambiamento.png?resize=768%2C906&amp;ssl=1 768w, https:\/\/i0.wp.com\/www.ilcambiamento.org\/wordpress\/wp-content\/uploads\/2020\/06\/proposta-il-cambiamento.png?resize=868%2C1024&amp;ssl=1 868w, https:\/\/i0.wp.com\/www.ilcambiamento.org\/wordpress\/wp-content\/uploads\/2020\/06\/proposta-il-cambiamento.png?resize=204%2C240&amp;ssl=1 204w\" sizes=\"auto, (max-width: 740px) 100vw, 740px\" \/><strong>PIANO PROPOSTO CON MODIFICHE DAL CONSIGLIERE ZORZO DELLA CIVICA IL CAMBIAMENTO<\/strong><\/p>\n<p>&nbsp;<\/p>\n<p style=\"text-align: center;\">&#8212;&#8212;&#8212;<\/p>\n<h2 style=\"text-align: center;\"><strong>OSSERVAZIONE PRESENTATA DAL CONSIGLIERE ZORZO<\/strong><\/h2>\n<p>&nbsp;<\/p>\n<h4 style=\"text-align: center;\"><strong><a href=\"https:\/\/www.ilcambiamento.org\/wordpress\/wp-content\/uploads\/2020\/06\/osservazione-area-ex-xart-il-cambiamento.pdf\"><span style=\"color: #ff0000;\">CLICCA QUI PER LEGGERE l&#8217;osservazione sull&#8217;area ex Sart presentata dalla Civica Il&nbsp;<span style=\"caret-color: #ff0000;\">Cambiamento<\/span>&nbsp;<\/span><\/a><span style=\"color: #ff0000;\">&nbsp;<\/span><\/strong><\/h4>\n<p>&nbsp;<\/p>\n<p style=\"text-align: center;\"><a href=\"https:\/\/i0.wp.com\/www.ilcambiamento.org\/wordpress\/wp-content\/uploads\/2020\/06\/Schermata-2020-06-11-alle-15.58.15.png?ssl=1\"><img data-recalc-dims=\"1\" loading=\"lazy\" decoding=\"async\" class=\"aligncenter size-full wp-image-2154\" src=\"https:\/\/i0.wp.com\/www.ilcambiamento.org\/wordpress\/wp-content\/uploads\/2020\/06\/Schermata-2020-06-11-alle-15.58.15.png?resize=740%2C1001&#038;ssl=1\" alt=\"\" width=\"740\" height=\"1001\" srcset=\"https:\/\/i0.wp.com\/www.ilcambiamento.org\/wordpress\/wp-content\/uploads\/2020\/06\/Schermata-2020-06-11-alle-15.58.15.png?w=881&amp;ssl=1 881w, https:\/\/i0.wp.com\/www.ilcambiamento.org\/wordpress\/wp-content\/uploads\/2020\/06\/Schermata-2020-06-11-alle-15.58.15.png?resize=222%2C300&amp;ssl=1 222w, https:\/\/i0.wp.com\/www.ilcambiamento.org\/wordpress\/wp-content\/uploads\/2020\/06\/Schermata-2020-06-11-alle-15.58.15.png?resize=768%2C1039&amp;ssl=1 768w, https:\/\/i0.wp.com\/www.ilcambiamento.org\/wordpress\/wp-content\/uploads\/2020\/06\/Schermata-2020-06-11-alle-15.58.15.png?resize=757%2C1024&amp;ssl=1 757w, https:\/\/i0.wp.com\/www.ilcambiamento.org\/wordpress\/wp-content\/uploads\/2020\/06\/Schermata-2020-06-11-alle-15.58.15.png?resize=177%2C240&amp;ssl=1 177w\" sizes=\"auto, (max-width: 740px) 100vw, 740px\" \/><\/a><\/p>\n<p style=\"text-align: center;\"><a href=\"https:\/\/i0.wp.com\/www.ilcambiamento.org\/wordpress\/wp-content\/uploads\/2020\/06\/Schermata-2020-06-11-alle-15.58.30.png?ssl=1\"><img data-recalc-dims=\"1\" loading=\"lazy\" decoding=\"async\" class=\"aligncenter size-full wp-image-2155\" src=\"https:\/\/i0.wp.com\/www.ilcambiamento.org\/wordpress\/wp-content\/uploads\/2020\/06\/Schermata-2020-06-11-alle-15.58.30.png?resize=740%2C1046&#038;ssl=1\" alt=\"\" width=\"740\" height=\"1046\" srcset=\"https:\/\/i0.wp.com\/www.ilcambiamento.org\/wordpress\/wp-content\/uploads\/2020\/06\/Schermata-2020-06-11-alle-15.58.30.png?w=849&amp;ssl=1 849w, https:\/\/i0.wp.com\/www.ilcambiamento.org\/wordpress\/wp-content\/uploads\/2020\/06\/Schermata-2020-06-11-alle-15.58.30.png?resize=212%2C300&amp;ssl=1 212w, https:\/\/i0.wp.com\/www.ilcambiamento.org\/wordpress\/wp-content\/uploads\/2020\/06\/Schermata-2020-06-11-alle-15.58.30.png?resize=768%2C1086&amp;ssl=1 768w, https:\/\/i0.wp.com\/www.ilcambiamento.org\/wordpress\/wp-content\/uploads\/2020\/06\/Schermata-2020-06-11-alle-15.58.30.png?resize=724%2C1024&amp;ssl=1 724w, https:\/\/i0.wp.com\/www.ilcambiamento.org\/wordpress\/wp-content\/uploads\/2020\/06\/Schermata-2020-06-11-alle-15.58.30.png?resize=170%2C240&amp;ssl=1 170w\" sizes=\"auto, (max-width: 740px) 100vw, 740px\" \/><\/a><\/p>\n<p style=\"text-align: center;\"><a href=\"https:\/\/www.ilcambiamento.org\/wordpress\/wp-content\/uploads\/2020\/06\/Schermata-2020-06-11-alle-15.58.56.png\"><br \/>\n<\/a><a href=\"https:\/\/i0.wp.com\/www.ilcambiamento.org\/wordpress\/wp-content\/uploads\/2020\/06\/Schermata-2020-06-11-alle-15.58.44.png?ssl=1\"><img data-recalc-dims=\"1\" loading=\"lazy\" decoding=\"async\" class=\"aligncenter size-full wp-image-2156\" src=\"https:\/\/i0.wp.com\/www.ilcambiamento.org\/wordpress\/wp-content\/uploads\/2020\/06\/Schermata-2020-06-11-alle-15.58.44.png?resize=740%2C1085&#038;ssl=1\" alt=\"\" width=\"740\" height=\"1085\" srcset=\"https:\/\/i0.wp.com\/www.ilcambiamento.org\/wordpress\/wp-content\/uploads\/2020\/06\/Schermata-2020-06-11-alle-15.58.44.png?w=812&amp;ssl=1 812w, https:\/\/i0.wp.com\/www.ilcambiamento.org\/wordpress\/wp-content\/uploads\/2020\/06\/Schermata-2020-06-11-alle-15.58.44.png?resize=205%2C300&amp;ssl=1 205w, https:\/\/i0.wp.com\/www.ilcambiamento.org\/wordpress\/wp-content\/uploads\/2020\/06\/Schermata-2020-06-11-alle-15.58.44.png?resize=768%2C1126&amp;ssl=1 768w, https:\/\/i0.wp.com\/www.ilcambiamento.org\/wordpress\/wp-content\/uploads\/2020\/06\/Schermata-2020-06-11-alle-15.58.44.png?resize=698%2C1024&amp;ssl=1 698w, https:\/\/i0.wp.com\/www.ilcambiamento.org\/wordpress\/wp-content\/uploads\/2020\/06\/Schermata-2020-06-11-alle-15.58.44.png?resize=164%2C240&amp;ssl=1 164w\" sizes=\"auto, (max-width: 740px) 100vw, 740px\" \/><\/a><\/p>\n<p style=\"text-align: center;\"><a href=\"https:\/\/i0.wp.com\/www.ilcambiamento.org\/wordpress\/wp-content\/uploads\/2020\/06\/Schermata-2020-06-11-alle-15.58.56.png?ssl=1\"><img data-recalc-dims=\"1\" loading=\"lazy\" decoding=\"async\" class=\"aligncenter size-full wp-image-2157\" src=\"https:\/\/i0.wp.com\/www.ilcambiamento.org\/wordpress\/wp-content\/uploads\/2020\/06\/Schermata-2020-06-11-alle-15.58.56.png?resize=740%2C1041&#038;ssl=1\" alt=\"\" width=\"740\" height=\"1041\" srcset=\"https:\/\/i0.wp.com\/www.ilcambiamento.org\/wordpress\/wp-content\/uploads\/2020\/06\/Schermata-2020-06-11-alle-15.58.56.png?w=839&amp;ssl=1 839w, https:\/\/i0.wp.com\/www.ilcambiamento.org\/wordpress\/wp-content\/uploads\/2020\/06\/Schermata-2020-06-11-alle-15.58.56.png?resize=213%2C300&amp;ssl=1 213w, https:\/\/i0.wp.com\/www.ilcambiamento.org\/wordpress\/wp-content\/uploads\/2020\/06\/Schermata-2020-06-11-alle-15.58.56.png?resize=768%2C1080&amp;ssl=1 768w, https:\/\/i0.wp.com\/www.ilcambiamento.org\/wordpress\/wp-content\/uploads\/2020\/06\/Schermata-2020-06-11-alle-15.58.56.png?resize=728%2C1024&amp;ssl=1 728w, https:\/\/i0.wp.com\/www.ilcambiamento.org\/wordpress\/wp-content\/uploads\/2020\/06\/Schermata-2020-06-11-alle-15.58.56.png?resize=171%2C240&amp;ssl=1 171w\" sizes=\"auto, (max-width: 740px) 100vw, 740px\" \/><\/a><\/p>\n<p style=\"text-align: center;\"><a href=\"https:\/\/i0.wp.com\/www.ilcambiamento.org\/wordpress\/wp-content\/uploads\/2020\/06\/Schermata-2020-06-11-alle-15.59.23.png?ssl=1\"><img data-recalc-dims=\"1\" loading=\"lazy\" decoding=\"async\" class=\"aligncenter size-full wp-image-2158\" src=\"https:\/\/i0.wp.com\/www.ilcambiamento.org\/wordpress\/wp-content\/uploads\/2020\/06\/Schermata-2020-06-11-alle-15.59.23.png?resize=740%2C872&#038;ssl=1\" alt=\"\" width=\"740\" height=\"872\" srcset=\"https:\/\/i0.wp.com\/www.ilcambiamento.org\/wordpress\/wp-content\/uploads\/2020\/06\/Schermata-2020-06-11-alle-15.59.23.png?w=1028&amp;ssl=1 1028w, https:\/\/i0.wp.com\/www.ilcambiamento.org\/wordpress\/wp-content\/uploads\/2020\/06\/Schermata-2020-06-11-alle-15.59.23.png?resize=254%2C300&amp;ssl=1 254w, https:\/\/i0.wp.com\/www.ilcambiamento.org\/wordpress\/wp-content\/uploads\/2020\/06\/Schermata-2020-06-11-alle-15.59.23.png?resize=768%2C905&amp;ssl=1 768w, https:\/\/i0.wp.com\/www.ilcambiamento.org\/wordpress\/wp-content\/uploads\/2020\/06\/Schermata-2020-06-11-alle-15.59.23.png?resize=869%2C1024&amp;ssl=1 869w, https:\/\/i0.wp.com\/www.ilcambiamento.org\/wordpress\/wp-content\/uploads\/2020\/06\/Schermata-2020-06-11-alle-15.59.23.png?resize=204%2C240&amp;ssl=1 204w\" sizes=\"auto, (max-width: 740px) 100vw, 740px\" \/><\/a><\/p>\n","protected":false},"excerpt":{"rendered":"<p>Area Ex Sart- Modificata in silenzio&#8230; Tombolo,11 giugno 2020 Ci risiamo. L&#8217;Amministrazione Andretta, al contrario di quanto [&hellip;]<\/p>\n","protected":false},"author":5,"featured_media":0,"parent":0,"menu_order":0,"comment_status":"closed","ping_status":"closed","template":"","meta":{"_acf_changed":false,"om_disable_all_campaigns":false,"_monsterinsights_skip_tracking":false,"_uf_show_specific_survey":0,"_uf_disable_surveys":false,"ngg_post_thumbnail":0,"jetpack_post_was_ever_published":false,"footnotes":""},"class_list":["post-2143","page","type-page","status-publish","hentry"],"acf":[],"aioseo_notices":[],"aioseo_head":"\n\t\t<!-- All in One SEO 5.0.1.1 - aioseo.com -->\n\t<meta name=\"description\" content=\"Area Ex Sart- Modificata in silenzio... Tombolo,11 giugno 2020 Ci risiamo. L&#039;Amministrazione Andretta, al contrario di quanto avveniva con la precedente Amministrazione Zorzo, continua a nascondere le proprie idee, i propri atti, non permettendo il confronto con i cittadini, le minoranze (che sono la maggioranza del paese in termine di voti) ed i portatori di\" \/>\n\t<meta name=\"robots\" content=\"max-image-preview:large\" \/>\n\t<link rel=\"canonical\" href=\"https:\/\/www.ilcambiamento.org\/wordpress\/area-ex-sart-modificata-in-silenzio\/\" \/>\n\t<meta name=\"generator\" content=\"All in One SEO (AIOSEO) 5.0.1.1\" \/>\n\t\t<meta property=\"og:locale\" content=\"it_IT\" \/>\n\t\t<meta property=\"og:site_name\" content=\"CIVICA IL CAMBIAMENTO - Comune di Tombolo (PD) - Una vera lista CIVICA per cambiare in meglio Tombolo ed Onara ...\" \/>\n\t\t<meta property=\"og:type\" content=\"article\" \/>\n\t\t<meta property=\"og:title\" content=\"Tombolo: Area Ex Sart- Modificata in silenzio \u2026 - CIVICA IL CAMBIAMENTO - Comune di Tombolo (PD)\" \/>\n\t\t<meta property=\"og:description\" content=\"Area Ex Sart- Modificata in silenzio... Tombolo,11 giugno 2020 Ci risiamo. L&#039;Amministrazione Andretta, al contrario di quanto avveniva con la precedente Amministrazione Zorzo, continua a nascondere le proprie idee, i propri atti, non permettendo il confronto con i cittadini, le minoranze (che sono la maggioranza del paese in termine di voti) ed i portatori di\" \/>\n\t\t<meta property=\"og:url\" content=\"https:\/\/www.ilcambiamento.org\/wordpress\/area-ex-sart-modificata-in-silenzio\/\" \/>\n\t\t<meta property=\"og:image\" content=\"https:\/\/www.ilcambiamento.org\/wordpress\/wp-content\/uploads\/2014\/03\/cropped-cropped-cambiamento_logo_GRANDE3-e1747828781946.png\" \/>\n\t\t<meta property=\"og:image:secure_url\" content=\"https:\/\/www.ilcambiamento.org\/wordpress\/wp-content\/uploads\/2014\/03\/cropped-cropped-cambiamento_logo_GRANDE3-e1747828781946.png\" \/>\n\t\t<meta property=\"og:image:width\" content=\"150\" \/>\n\t\t<meta property=\"og:image:height\" content=\"150\" \/>\n\t\t<meta property=\"article:published_time\" content=\"2020-06-11T13:33:58+00:00\" \/>\n\t\t<meta property=\"article:modified_time\" content=\"2020-06-11T14:05:03+00:00\" \/>\n\t\t<meta property=\"article:publisher\" content=\"https:\/\/www.facebook.com\/civicailcambiamento\/\" \/>\n\t\t<meta name=\"twitter:card\" content=\"summary_large_image\" \/>\n\t\t<meta name=\"twitter:title\" content=\"Tombolo: Area Ex Sart- Modificata in silenzio \u2026 - CIVICA IL CAMBIAMENTO - Comune di Tombolo (PD)\" \/>\n\t\t<meta name=\"twitter:description\" content=\"Area Ex Sart- Modificata in silenzio... Tombolo,11 giugno 2020 Ci risiamo. L&#039;Amministrazione Andretta, al contrario di quanto avveniva con la precedente Amministrazione Zorzo, continua a nascondere le proprie idee, i propri atti, non permettendo il confronto con i cittadini, le minoranze (che sono la maggioranza del paese in termine di voti) ed i portatori di\" \/>\n\t\t<meta name=\"twitter:image\" content=\"https:\/\/www.ilcambiamento.org\/wordpress\/wp-content\/uploads\/2014\/03\/cropped-cropped-cambiamento_logo_GRANDE3-e1747828781946.png\" \/>\n\t\t<script type=\"application\/ld+json\" class=\"aioseo-schema\">\n\t\t\t{\"@context\":\"https:\\\/\\\/schema.org\",\"@graph\":[{\"@type\":\"BreadcrumbList\",\"@id\":\"https:\\\/\\\/www.ilcambiamento.org\\\/wordpress\\\/area-ex-sart-modificata-in-silenzio\\\/#breadcrumblist\",\"itemListElement\":[{\"@type\":\"ListItem\",\"@id\":\"https:\\\/\\\/www.ilcambiamento.org\\\/wordpress#listItem\",\"position\":1,\"name\":\"Home\",\"item\":\"https:\\\/\\\/www.ilcambiamento.org\\\/wordpress\",\"nextItem\":{\"@type\":\"ListItem\",\"@id\":\"https:\\\/\\\/www.ilcambiamento.org\\\/wordpress\\\/area-ex-sart-modificata-in-silenzio\\\/#listItem\",\"name\":\"Tombolo: Area Ex Sart- Modificata in silenzio &#8230;\"}},{\"@type\":\"ListItem\",\"@id\":\"https:\\\/\\\/www.ilcambiamento.org\\\/wordpress\\\/area-ex-sart-modificata-in-silenzio\\\/#listItem\",\"position\":2,\"name\":\"Tombolo: Area Ex Sart- Modificata in silenzio &#8230;\",\"previousItem\":{\"@type\":\"ListItem\",\"@id\":\"https:\\\/\\\/www.ilcambiamento.org\\\/wordpress#listItem\",\"name\":\"Home\"}}]},{\"@type\":\"Organization\",\"@id\":\"https:\\\/\\\/www.ilcambiamento.org\\\/wordpress\\\/#organization\",\"name\":\"CIVICA IL CAMBIAMENTO - Comune di Tombolo (PD)\",\"description\":\"Una vera lista CIVICA per cambiare in meglio Tombolo ed Onara ...\",\"url\":\"https:\\\/\\\/www.ilcambiamento.org\\\/wordpress\\\/\",\"logo\":{\"@type\":\"ImageObject\",\"url\":\"https:\\\/\\\/i0.wp.com\\\/www.ilcambiamento.org\\\/wordpress\\\/wp-content\\\/uploads\\\/2014\\\/03\\\/cropped-cropped-cropped-cambiamento_logo_GRANDE3-e1747828781946.png?fit=150%2C149&ssl=1\",\"@id\":\"https:\\\/\\\/www.ilcambiamento.org\\\/wordpress\\\/area-ex-sart-modificata-in-silenzio\\\/#organizationLogo\",\"width\":150,\"height\":149},\"image\":{\"@id\":\"https:\\\/\\\/www.ilcambiamento.org\\\/wordpress\\\/area-ex-sart-modificata-in-silenzio\\\/#organizationLogo\"},\"sameAs\":[\"https:\\\/\\\/www.facebook.com\\\/civicailcambiamento\\\/\",\"https:\\\/\\\/www.instagram.com\\\/civica_il_cambiamento\\\/\"]},{\"@type\":\"WebPage\",\"@id\":\"https:\\\/\\\/www.ilcambiamento.org\\\/wordpress\\\/area-ex-sart-modificata-in-silenzio\\\/#webpage\",\"url\":\"https:\\\/\\\/www.ilcambiamento.org\\\/wordpress\\\/area-ex-sart-modificata-in-silenzio\\\/\",\"name\":\"Tombolo: Area Ex Sart- Modificata in silenzio \\u2026 - CIVICA IL CAMBIAMENTO - Comune di Tombolo (PD)\",\"description\":\"Area Ex Sart- Modificata in silenzio... Tombolo,11 giugno 2020 Ci risiamo. L'Amministrazione Andretta, al contrario di quanto avveniva con la precedente Amministrazione Zorzo, continua a nascondere le proprie idee, i propri atti, non permettendo il confronto con i cittadini, le minoranze (che sono la maggioranza del paese in termine di voti) ed i portatori di\",\"inLanguage\":\"it-IT\",\"isPartOf\":{\"@id\":\"https:\\\/\\\/www.ilcambiamento.org\\\/wordpress\\\/#website\"},\"breadcrumb\":{\"@id\":\"https:\\\/\\\/www.ilcambiamento.org\\\/wordpress\\\/area-ex-sart-modificata-in-silenzio\\\/#breadcrumblist\"},\"datePublished\":\"2020-06-11T15:33:58+02:00\",\"dateModified\":\"2020-06-11T16:05:03+02:00\"},{\"@type\":\"WebSite\",\"@id\":\"https:\\\/\\\/www.ilcambiamento.org\\\/wordpress\\\/#website\",\"url\":\"https:\\\/\\\/www.ilcambiamento.org\\\/wordpress\\\/\",\"name\":\"CIVICA IL CAMBIAMENTO - Comune di Tombolo (PD)\",\"description\":\"Una vera lista CIVICA per cambiare in meglio Tombolo ed Onara ...\",\"inLanguage\":\"it-IT\",\"publisher\":{\"@id\":\"https:\\\/\\\/www.ilcambiamento.org\\\/wordpress\\\/#organization\"}}]}\n\t\t<\/script>\n\t\t<!-- All in One SEO -->\n\n","aioseo_head_json":{"title":"Tombolo: Area Ex Sart- Modificata in silenzio \u2026 - CIVICA IL CAMBIAMENTO - Comune di Tombolo (PD)","description":"Area Ex Sart- Modificata in silenzio... Tombolo,11 giugno 2020 Ci risiamo. L'Amministrazione Andretta, al contrario di quanto avveniva con la precedente Amministrazione Zorzo, continua a nascondere le proprie idee, i propri atti, non permettendo il confronto con i cittadini, le minoranze (che sono la maggioranza del paese in termine di voti) ed i portatori di","canonical_url":"https:\/\/www.ilcambiamento.org\/wordpress\/area-ex-sart-modificata-in-silenzio\/","robots":"max-image-preview:large","keywords":"","webmasterTools":{"miscellaneous":""},"schema":{"@context":"https:\/\/schema.org","@graph":[{"@type":"BreadcrumbList","@id":"https:\/\/www.ilcambiamento.org\/wordpress\/area-ex-sart-modificata-in-silenzio\/#breadcrumblist","itemListElement":[{"@type":"ListItem","@id":"https:\/\/www.ilcambiamento.org\/wordpress#listItem","position":1,"name":"Home","item":"https:\/\/www.ilcambiamento.org\/wordpress","nextItem":{"@type":"ListItem","@id":"https:\/\/www.ilcambiamento.org\/wordpress\/area-ex-sart-modificata-in-silenzio\/#listItem","name":"Tombolo: Area Ex Sart- Modificata in silenzio &#8230;"}},{"@type":"ListItem","@id":"https:\/\/www.ilcambiamento.org\/wordpress\/area-ex-sart-modificata-in-silenzio\/#listItem","position":2,"name":"Tombolo: Area Ex Sart- Modificata in silenzio &#8230;","previousItem":{"@type":"ListItem","@id":"https:\/\/www.ilcambiamento.org\/wordpress#listItem","name":"Home"}}]},{"@type":"Organization","@id":"https:\/\/www.ilcambiamento.org\/wordpress\/#organization","name":"CIVICA IL CAMBIAMENTO - Comune di Tombolo (PD)","description":"Una vera lista CIVICA per cambiare in meglio Tombolo ed Onara ...","url":"https:\/\/www.ilcambiamento.org\/wordpress\/","logo":{"@type":"ImageObject","url":"https:\/\/i0.wp.com\/www.ilcambiamento.org\/wordpress\/wp-content\/uploads\/2014\/03\/cropped-cropped-cropped-cambiamento_logo_GRANDE3-e1747828781946.png?fit=150%2C149&ssl=1","@id":"https:\/\/www.ilcambiamento.org\/wordpress\/area-ex-sart-modificata-in-silenzio\/#organizationLogo","width":150,"height":149},"image":{"@id":"https:\/\/www.ilcambiamento.org\/wordpress\/area-ex-sart-modificata-in-silenzio\/#organizationLogo"},"sameAs":["https:\/\/www.facebook.com\/civicailcambiamento\/","https:\/\/www.instagram.com\/civica_il_cambiamento\/"]},{"@type":"WebPage","@id":"https:\/\/www.ilcambiamento.org\/wordpress\/area-ex-sart-modificata-in-silenzio\/#webpage","url":"https:\/\/www.ilcambiamento.org\/wordpress\/area-ex-sart-modificata-in-silenzio\/","name":"Tombolo: Area Ex Sart- Modificata in silenzio \u2026 - CIVICA IL CAMBIAMENTO - Comune di Tombolo (PD)","description":"Area Ex Sart- Modificata in silenzio... Tombolo,11 giugno 2020 Ci risiamo. L'Amministrazione Andretta, al contrario di quanto avveniva con la precedente Amministrazione Zorzo, continua a nascondere le proprie idee, i propri atti, non permettendo il confronto con i cittadini, le minoranze (che sono la maggioranza del paese in termine di voti) ed i portatori di","inLanguage":"it-IT","isPartOf":{"@id":"https:\/\/www.ilcambiamento.org\/wordpress\/#website"},"breadcrumb":{"@id":"https:\/\/www.ilcambiamento.org\/wordpress\/area-ex-sart-modificata-in-silenzio\/#breadcrumblist"},"datePublished":"2020-06-11T15:33:58+02:00","dateModified":"2020-06-11T16:05:03+02:00"},{"@type":"WebSite","@id":"https:\/\/www.ilcambiamento.org\/wordpress\/#website","url":"https:\/\/www.ilcambiamento.org\/wordpress\/","name":"CIVICA IL CAMBIAMENTO - Comune di Tombolo (PD)","description":"Una vera lista CIVICA per cambiare in meglio Tombolo ed Onara ...","inLanguage":"it-IT","publisher":{"@id":"https:\/\/www.ilcambiamento.org\/wordpress\/#organization"}}]},"og:locale":"it_IT","og:site_name":"CIVICA IL CAMBIAMENTO - Comune di Tombolo (PD) - Una vera lista CIVICA per cambiare in meglio Tombolo ed Onara ...","og:type":"article","og:title":"Tombolo: Area Ex Sart- Modificata in silenzio \u2026 - CIVICA IL CAMBIAMENTO - Comune di Tombolo (PD)","og:description":"Area Ex Sart- Modificata in silenzio... Tombolo,11 giugno 2020 Ci risiamo. L'Amministrazione Andretta, al contrario di quanto avveniva con la precedente Amministrazione Zorzo, continua a nascondere le proprie idee, i propri atti, non permettendo il confronto con i cittadini, le minoranze (che sono la maggioranza del paese in termine di voti) ed i portatori di","og:url":"https:\/\/www.ilcambiamento.org\/wordpress\/area-ex-sart-modificata-in-silenzio\/","og:image":"https:\/\/www.ilcambiamento.org\/wordpress\/wp-content\/uploads\/2014\/03\/cropped-cropped-cambiamento_logo_GRANDE3-e1747828781946.png","og:image:secure_url":"https:\/\/www.ilcambiamento.org\/wordpress\/wp-content\/uploads\/2014\/03\/cropped-cropped-cambiamento_logo_GRANDE3-e1747828781946.png","og:image:width":150,"og:image:height":150,"article:published_time":"2020-06-11T13:33:58+00:00","article:modified_time":"2020-06-11T14:05:03+00:00","article:publisher":"https:\/\/www.facebook.com\/civicailcambiamento\/","twitter:card":"summary_large_image","twitter:title":"Tombolo: Area Ex Sart- Modificata in silenzio \u2026 - CIVICA IL CAMBIAMENTO - Comune di Tombolo (PD)","twitter:description":"Area Ex Sart- Modificata in silenzio... Tombolo,11 giugno 2020 Ci risiamo. L'Amministrazione Andretta, al contrario di quanto avveniva con la precedente Amministrazione Zorzo, continua a nascondere le proprie idee, i propri atti, non permettendo il confronto con i cittadini, le minoranze (che sono la maggioranza del paese in termine di voti) ed i portatori di","twitter:image":"https:\/\/www.ilcambiamento.org\/wordpress\/wp-content\/uploads\/2014\/03\/cropped-cropped-cambiamento_logo_GRANDE3-e1747828781946.png"},"aioseo_meta_data":{"post_id":"2143","title":null,"description":null,"keywords":null,"keyphrases":null,"primary_term":null,"canonical_url":null,"og_title":null,"og_description":null,"og_object_type":"default","og_image_type":"default","og_image_url":null,"og_image_width":null,"og_image_height":null,"og_image_custom_url":null,"og_image_custom_fields":null,"og_video":null,"og_custom_url":null,"og_article_section":null,"og_article_tags":null,"twitter_use_og":false,"twitter_card":"default","twitter_image_type":"default","twitter_image_url":null,"twitter_image_custom_url":null,"twitter_image_custom_fields":null,"twitter_title":null,"twitter_description":null,"schema":{"blockGraphs":[],"customGraphs":[],"default":{"data":{"Article":[],"Course":[],"Dataset":[],"FAQPage":[],"Movie":[],"Person":[],"Product":[],"ProductReview":[],"Car":[],"Recipe":[],"Service":[],"SoftwareApplication":[],"WebPage":[]},"graphName":"","isEnabled":true},"graphs":[]},"schema_type":"default","schema_type_options":null,"pillar_content":false,"robots_default":true,"robots_noindex":false,"robots_noarchive":false,"robots_nosnippet":false,"robots_nofollow":false,"robots_noimageindex":false,"robots_noodp":false,"robots_notranslate":false,"robots_max_snippet":null,"robots_max_videopreview":null,"robots_max_imagepreview":"large","priority":null,"frequency":null,"local_seo":null,"breadcrumb_settings":null,"limit_modified_date":false,"ai":null,"created":"2025-09-29 11:00:43","updated":"2025-09-29 11:00:43","seo_analyzer_scan_date":null,"focus_keyword":null,"additional_keywords":null,"truseo_locale":null},"aioseo_breadcrumb":"<div class=\"aioseo-breadcrumbs\"><span class=\"aioseo-breadcrumb\">\n\t\t\t<a href=\"https:\/\/www.ilcambiamento.org\/wordpress\" title=\"Home\">Home<\/a>\n\t\t<\/span><span class=\"aioseo-breadcrumb-separator\">&raquo;<\/span><span class=\"aioseo-breadcrumb\">\n\t\t\tTombolo: Area Ex Sart- Modificata in silenzio \u2026\n\t\t<\/span><\/div>","aioseo_breadcrumb_json":[{"label":"Home","link":"https:\/\/www.ilcambiamento.org\/wordpress"},{"label":"Tombolo: Area Ex Sart- Modificata in silenzio &#8230;","link":"https:\/\/www.ilcambiamento.org\/wordpress\/area-ex-sart-modificata-in-silenzio\/"}],"jetpack_shortlink":"https:\/\/wp.me\/P5PPUp-yz","jetpack_sharing_enabled":true,"_links":{"self":[{"href":"https:\/\/www.ilcambiamento.org\/wordpress\/wp-json\/wp\/v2\/pages\/2143","targetHints":{"allow":["GET"]}}],"collection":[{"href":"https:\/\/www.ilcambiamento.org\/wordpress\/wp-json\/wp\/v2\/pages"}],"about":[{"href":"https:\/\/www.ilcambiamento.org\/wordpress\/wp-json\/wp\/v2\/types\/page"}],"author":[{"embeddable":true,"href":"https:\/\/www.ilcambiamento.org\/wordpress\/wp-json\/wp\/v2\/users\/5"}],"replies":[{"embeddable":true,"href":"https:\/\/www.ilcambiamento.org\/wordpress\/wp-json\/wp\/v2\/comments?post=2143"}],"version-history":[{"count":8,"href":"https:\/\/www.ilcambiamento.org\/wordpress\/wp-json\/wp\/v2\/pages\/2143\/revisions"}],"predecessor-version":[{"id":2160,"href":"https:\/\/www.ilcambiamento.org\/wordpress\/wp-json\/wp\/v2\/pages\/2143\/revisions\/2160"}],"wp:attachment":[{"href":"https:\/\/www.ilcambiamento.org\/wordpress\/wp-json\/wp\/v2\/media?parent=2143"}],"curies":[{"name":"wp","href":"https:\/\/api.w.org\/{rel}","templated":true}]}}