{"id":2125,"date":"2020-05-07T15:15:18","date_gmt":"2020-05-07T13:15:18","guid":{"rendered":"https:\/\/www.ilcambiamento.org\/wordpress\/?page_id=2125"},"modified":"2020-05-07T15:55:09","modified_gmt":"2020-05-07T13:55:09","slug":"tolte-le-deleghe-alledilizia-privata-ed-urbanistica-al-vicesindaco-luca-frasson","status":"publish","type":"page","link":"https:\/\/www.ilcambiamento.org\/wordpress\/tolte-le-deleghe-alledilizia-privata-ed-urbanistica-al-vicesindaco-luca-frasson\/","title":{"rendered":"Tolte le deleghe all&#8217;Edilizia Privata ed Urbanistica al ViceSindaco Luca Frasson &#8230;"},"content":{"rendered":"<p>Tombolo, 07 Maggio 2020<img data-recalc-dims=\"1\" loading=\"lazy\" decoding=\"async\" class=\"aligncenter size-medium wp-image-2126\" src=\"https:\/\/i0.wp.com\/www.ilcambiamento.org\/wordpress\/wp-content\/uploads\/2020\/05\/unnamed.jpg?resize=300%2C300&#038;ssl=1\" alt=\"\" width=\"300\" height=\"300\" srcset=\"https:\/\/i0.wp.com\/www.ilcambiamento.org\/wordpress\/wp-content\/uploads\/2020\/05\/unnamed.jpg?resize=300%2C300&amp;ssl=1 300w, https:\/\/i0.wp.com\/www.ilcambiamento.org\/wordpress\/wp-content\/uploads\/2020\/05\/unnamed.jpg?resize=150%2C150&amp;ssl=1 150w, https:\/\/i0.wp.com\/www.ilcambiamento.org\/wordpress\/wp-content\/uploads\/2020\/05\/unnamed.jpg?resize=240%2C240&amp;ssl=1 240w, https:\/\/i0.wp.com\/www.ilcambiamento.org\/wordpress\/wp-content\/uploads\/2020\/05\/unnamed.jpg?w=380&amp;ssl=1 380w\" sizes=\"auto, (max-width: 300px) 100vw, 300px\" \/><\/p>\n<p>&nbsp;<\/p>\n<p>I cittadini non sanno che <strong>dal 19 Febbraio 2020 <a href=\"https:\/\/www.comune.tombolo.pd.it\/myportal\/C_L199\/amministrazione\/giunta\">(link)<\/a>, il Sindaco Cristian Andretta ha tolto le Deleghe all&#8217;Edilizia Privata e Urbanistica al ViceSindaco <span style=\"color: #ff0000;\">Architetto<\/span> Luca Frasson.<\/strong> Il tutto \u00e8 stato fatto passare in silenzio. Vi sembra una cosa di normale amministrazione ? Assolutamente no, specialmente quando il ViceSindaco \u00e8 un &#8220;professionista del settore&#8221;.&nbsp;<\/p>\n<p style=\"text-align: center;\">Quali sono i retroscena ?<\/p>\n<p style=\"text-align: center;\">Cosa \u00e8 successo in questi ultimi mesi ?<\/p>\n<p style=\"text-align: center;\">E&#8217; arrivata qualche sgradevole novit\u00e0 inaspettata ?<\/p>\n<p>Non ci aspettiamo risposte sincere ed esaustive da chi ancora deve pubblicare (leggasi Sindaco Andretta) gli atti di pignoramento degli stipendi degli amministratori (tra cui il suo), dopo anni di richieste e bugie varie pubblicate, e tanto meno ci aspettiamo risposte esaustive in merito anche a questa <strong>&#8220;delicata e preoccupante faccenda&#8221;.<\/strong><\/p>\n<p>I cittadini ovviamente sono gli ultimi a sapere le cose, ed il Municipio, che durante l&#8217;Amministrazione Comunale guidata dalla Lista Civica Il Cambiamento era diventato una casa trasparente e di vetro, oggi \u00e8 pi\u00f9 impenetrabile e pi\u00f9 cupo che mai.&nbsp;<\/p>\n","protected":false},"excerpt":{"rendered":"<p>Tombolo, 07 Maggio 2020 &nbsp; I cittadini non sanno che dal 19 Febbraio 2020 (link), il Sindaco [&hellip;]<\/p>\n","protected":false},"author":5,"featured_media":0,"parent":0,"menu_order":0,"comment_status":"closed","ping_status":"closed","template":"","meta":{"_acf_changed":false,"om_disable_all_campaigns":false,"_monsterinsights_skip_tracking":false,"_uf_show_specific_survey":0,"_uf_disable_surveys":false,"ngg_post_thumbnail":0,"jetpack_post_was_ever_published":false,"footnotes":""},"class_list":["post-2125","page","type-page","status-publish","hentry"],"acf":[],"aioseo_notices":[],"aioseo_head":"\n\t\t<!-- All in One SEO 5.0.1.1 - aioseo.com -->\n\t<meta name=\"description\" content=\"Tombolo, 07 Maggio 2020 I cittadini non sanno che dal 19 Febbraio 2020 (link), il Sindaco Cristian Andretta ha tolto le Deleghe all&#039;Edilizia Privata e Urbanistica al ViceSindaco Architetto Luca Frasson. Il tutto \u00e8 stato fatto passare in silenzio. Vi sembra una cosa di normale amministrazione ? Assolutamente no, specialmente quando il ViceSindaco \u00e8\" \/>\n\t<meta name=\"robots\" content=\"max-image-preview:large\" \/>\n\t<link rel=\"canonical\" href=\"https:\/\/www.ilcambiamento.org\/wordpress\/tolte-le-deleghe-alledilizia-privata-ed-urbanistica-al-vicesindaco-luca-frasson\/\" \/>\n\t<meta name=\"generator\" content=\"All in One SEO (AIOSEO) 5.0.1.1\" \/>\n\t\t<meta property=\"og:locale\" content=\"it_IT\" \/>\n\t\t<meta property=\"og:site_name\" content=\"CIVICA IL CAMBIAMENTO - Comune di Tombolo (PD) - Una vera lista CIVICA per cambiare in meglio Tombolo ed Onara ...\" \/>\n\t\t<meta property=\"og:type\" content=\"article\" \/>\n\t\t<meta property=\"og:title\" content=\"Tolte le deleghe all\u2019Edilizia Privata ed Urbanistica al ViceSindaco Luca Frasson \u2026 - CIVICA IL CAMBIAMENTO - Comune di Tombolo (PD)\" \/>\n\t\t<meta property=\"og:description\" content=\"Tombolo, 07 Maggio 2020 I cittadini non sanno che dal 19 Febbraio 2020 (link), il Sindaco Cristian Andretta ha tolto le Deleghe all&#039;Edilizia Privata e Urbanistica al ViceSindaco Architetto Luca Frasson. Il tutto \u00e8 stato fatto passare in silenzio. Vi sembra una cosa di normale amministrazione ? Assolutamente no, specialmente quando il ViceSindaco \u00e8\" \/>\n\t\t<meta property=\"og:url\" content=\"https:\/\/www.ilcambiamento.org\/wordpress\/tolte-le-deleghe-alledilizia-privata-ed-urbanistica-al-vicesindaco-luca-frasson\/\" \/>\n\t\t<meta property=\"og:image\" content=\"https:\/\/www.ilcambiamento.org\/wordpress\/wp-content\/uploads\/2014\/03\/cropped-cropped-cambiamento_logo_GRANDE3-e1747828781946.png\" \/>\n\t\t<meta property=\"og:image:secure_url\" content=\"https:\/\/www.ilcambiamento.org\/wordpress\/wp-content\/uploads\/2014\/03\/cropped-cropped-cambiamento_logo_GRANDE3-e1747828781946.png\" \/>\n\t\t<meta property=\"og:image:width\" content=\"150\" \/>\n\t\t<meta property=\"og:image:height\" content=\"150\" \/>\n\t\t<meta property=\"article:published_time\" content=\"2020-05-07T13:15:18+00:00\" \/>\n\t\t<meta property=\"article:modified_time\" content=\"2020-05-07T13:55:09+00:00\" \/>\n\t\t<meta property=\"article:publisher\" content=\"https:\/\/www.facebook.com\/civicailcambiamento\/\" \/>\n\t\t<meta name=\"twitter:card\" content=\"summary_large_image\" \/>\n\t\t<meta name=\"twitter:title\" content=\"Tolte le deleghe all\u2019Edilizia Privata ed Urbanistica al ViceSindaco Luca Frasson \u2026 - CIVICA IL CAMBIAMENTO - Comune di Tombolo (PD)\" \/>\n\t\t<meta name=\"twitter:description\" content=\"Tombolo, 07 Maggio 2020 I cittadini non sanno che dal 19 Febbraio 2020 (link), il Sindaco Cristian Andretta ha tolto le Deleghe all&#039;Edilizia Privata e Urbanistica al ViceSindaco Architetto Luca Frasson. Il tutto \u00e8 stato fatto passare in silenzio. Vi sembra una cosa di normale amministrazione ? Assolutamente no, specialmente quando il ViceSindaco \u00e8\" \/>\n\t\t<meta name=\"twitter:image\" content=\"https:\/\/www.ilcambiamento.org\/wordpress\/wp-content\/uploads\/2014\/03\/cropped-cropped-cambiamento_logo_GRANDE3-e1747828781946.png\" \/>\n\t\t<script type=\"application\/ld+json\" class=\"aioseo-schema\">\n\t\t\t{\"@context\":\"https:\\\/\\\/schema.org\",\"@graph\":[{\"@type\":\"BreadcrumbList\",\"@id\":\"https:\\\/\\\/www.ilcambiamento.org\\\/wordpress\\\/tolte-le-deleghe-alledilizia-privata-ed-urbanistica-al-vicesindaco-luca-frasson\\\/#breadcrumblist\",\"itemListElement\":[{\"@type\":\"ListItem\",\"@id\":\"https:\\\/\\\/www.ilcambiamento.org\\\/wordpress#listItem\",\"position\":1,\"name\":\"Home\",\"item\":\"https:\\\/\\\/www.ilcambiamento.org\\\/wordpress\",\"nextItem\":{\"@type\":\"ListItem\",\"@id\":\"https:\\\/\\\/www.ilcambiamento.org\\\/wordpress\\\/tolte-le-deleghe-alledilizia-privata-ed-urbanistica-al-vicesindaco-luca-frasson\\\/#listItem\",\"name\":\"Tolte le deleghe all&#8217;Edilizia Privata ed Urbanistica al ViceSindaco Luca Frasson &#8230;\"}},{\"@type\":\"ListItem\",\"@id\":\"https:\\\/\\\/www.ilcambiamento.org\\\/wordpress\\\/tolte-le-deleghe-alledilizia-privata-ed-urbanistica-al-vicesindaco-luca-frasson\\\/#listItem\",\"position\":2,\"name\":\"Tolte le deleghe all&#8217;Edilizia Privata ed Urbanistica al ViceSindaco Luca Frasson &#8230;\",\"previousItem\":{\"@type\":\"ListItem\",\"@id\":\"https:\\\/\\\/www.ilcambiamento.org\\\/wordpress#listItem\",\"name\":\"Home\"}}]},{\"@type\":\"Organization\",\"@id\":\"https:\\\/\\\/www.ilcambiamento.org\\\/wordpress\\\/#organization\",\"name\":\"CIVICA IL CAMBIAMENTO - Comune di Tombolo (PD)\",\"description\":\"Una vera lista CIVICA per cambiare in meglio Tombolo ed Onara ...\",\"url\":\"https:\\\/\\\/www.ilcambiamento.org\\\/wordpress\\\/\",\"logo\":{\"@type\":\"ImageObject\",\"url\":\"https:\\\/\\\/i0.wp.com\\\/www.ilcambiamento.org\\\/wordpress\\\/wp-content\\\/uploads\\\/2014\\\/03\\\/cropped-cropped-cropped-cambiamento_logo_GRANDE3-e1747828781946.png?fit=150%2C149&ssl=1\",\"@id\":\"https:\\\/\\\/www.ilcambiamento.org\\\/wordpress\\\/tolte-le-deleghe-alledilizia-privata-ed-urbanistica-al-vicesindaco-luca-frasson\\\/#organizationLogo\",\"width\":150,\"height\":149},\"image\":{\"@id\":\"https:\\\/\\\/www.ilcambiamento.org\\\/wordpress\\\/tolte-le-deleghe-alledilizia-privata-ed-urbanistica-al-vicesindaco-luca-frasson\\\/#organizationLogo\"},\"sameAs\":[\"https:\\\/\\\/www.facebook.com\\\/civicailcambiamento\\\/\",\"https:\\\/\\\/www.instagram.com\\\/civica_il_cambiamento\\\/\"]},{\"@type\":\"WebPage\",\"@id\":\"https:\\\/\\\/www.ilcambiamento.org\\\/wordpress\\\/tolte-le-deleghe-alledilizia-privata-ed-urbanistica-al-vicesindaco-luca-frasson\\\/#webpage\",\"url\":\"https:\\\/\\\/www.ilcambiamento.org\\\/wordpress\\\/tolte-le-deleghe-alledilizia-privata-ed-urbanistica-al-vicesindaco-luca-frasson\\\/\",\"name\":\"Tolte le deleghe all\\u2019Edilizia Privata ed Urbanistica al ViceSindaco Luca Frasson \\u2026 - CIVICA IL CAMBIAMENTO - Comune di Tombolo (PD)\",\"description\":\"Tombolo, 07 Maggio 2020 I cittadini non sanno che dal 19 Febbraio 2020 (link), il Sindaco Cristian Andretta ha tolto le Deleghe all'Edilizia Privata e Urbanistica al ViceSindaco Architetto Luca Frasson. Il tutto \\u00e8 stato fatto passare in silenzio. Vi sembra una cosa di normale amministrazione ? Assolutamente no, specialmente quando il ViceSindaco \\u00e8\",\"inLanguage\":\"it-IT\",\"isPartOf\":{\"@id\":\"https:\\\/\\\/www.ilcambiamento.org\\\/wordpress\\\/#website\"},\"breadcrumb\":{\"@id\":\"https:\\\/\\\/www.ilcambiamento.org\\\/wordpress\\\/tolte-le-deleghe-alledilizia-privata-ed-urbanistica-al-vicesindaco-luca-frasson\\\/#breadcrumblist\"},\"datePublished\":\"2020-05-07T15:15:18+02:00\",\"dateModified\":\"2020-05-07T15:55:09+02:00\"},{\"@type\":\"WebSite\",\"@id\":\"https:\\\/\\\/www.ilcambiamento.org\\\/wordpress\\\/#website\",\"url\":\"https:\\\/\\\/www.ilcambiamento.org\\\/wordpress\\\/\",\"name\":\"CIVICA IL CAMBIAMENTO - Comune di Tombolo (PD)\",\"description\":\"Una vera lista CIVICA per cambiare in meglio Tombolo ed Onara ...\",\"inLanguage\":\"it-IT\",\"publisher\":{\"@id\":\"https:\\\/\\\/www.ilcambiamento.org\\\/wordpress\\\/#organization\"}}]}\n\t\t<\/script>\n\t\t<!-- All in One SEO -->\n\n","aioseo_head_json":{"title":"Tolte le deleghe all\u2019Edilizia Privata ed Urbanistica al ViceSindaco Luca Frasson \u2026 - CIVICA IL CAMBIAMENTO - Comune di Tombolo (PD)","description":"Tombolo, 07 Maggio 2020 I cittadini non sanno che dal 19 Febbraio 2020 (link), il Sindaco Cristian Andretta ha tolto le Deleghe all'Edilizia Privata e Urbanistica al ViceSindaco Architetto Luca Frasson. Il tutto \u00e8 stato fatto passare in silenzio. Vi sembra una cosa di normale amministrazione ? Assolutamente no, specialmente quando il ViceSindaco \u00e8","canonical_url":"https:\/\/www.ilcambiamento.org\/wordpress\/tolte-le-deleghe-alledilizia-privata-ed-urbanistica-al-vicesindaco-luca-frasson\/","robots":"max-image-preview:large","keywords":"","webmasterTools":{"miscellaneous":""},"schema":{"@context":"https:\/\/schema.org","@graph":[{"@type":"BreadcrumbList","@id":"https:\/\/www.ilcambiamento.org\/wordpress\/tolte-le-deleghe-alledilizia-privata-ed-urbanistica-al-vicesindaco-luca-frasson\/#breadcrumblist","itemListElement":[{"@type":"ListItem","@id":"https:\/\/www.ilcambiamento.org\/wordpress#listItem","position":1,"name":"Home","item":"https:\/\/www.ilcambiamento.org\/wordpress","nextItem":{"@type":"ListItem","@id":"https:\/\/www.ilcambiamento.org\/wordpress\/tolte-le-deleghe-alledilizia-privata-ed-urbanistica-al-vicesindaco-luca-frasson\/#listItem","name":"Tolte le deleghe all&#8217;Edilizia Privata ed Urbanistica al ViceSindaco Luca Frasson &#8230;"}},{"@type":"ListItem","@id":"https:\/\/www.ilcambiamento.org\/wordpress\/tolte-le-deleghe-alledilizia-privata-ed-urbanistica-al-vicesindaco-luca-frasson\/#listItem","position":2,"name":"Tolte le deleghe all&#8217;Edilizia Privata ed Urbanistica al ViceSindaco Luca Frasson &#8230;","previousItem":{"@type":"ListItem","@id":"https:\/\/www.ilcambiamento.org\/wordpress#listItem","name":"Home"}}]},{"@type":"Organization","@id":"https:\/\/www.ilcambiamento.org\/wordpress\/#organization","name":"CIVICA IL CAMBIAMENTO - Comune di Tombolo (PD)","description":"Una vera lista CIVICA per cambiare in meglio Tombolo ed Onara ...","url":"https:\/\/www.ilcambiamento.org\/wordpress\/","logo":{"@type":"ImageObject","url":"https:\/\/i0.wp.com\/www.ilcambiamento.org\/wordpress\/wp-content\/uploads\/2014\/03\/cropped-cropped-cropped-cambiamento_logo_GRANDE3-e1747828781946.png?fit=150%2C149&ssl=1","@id":"https:\/\/www.ilcambiamento.org\/wordpress\/tolte-le-deleghe-alledilizia-privata-ed-urbanistica-al-vicesindaco-luca-frasson\/#organizationLogo","width":150,"height":149},"image":{"@id":"https:\/\/www.ilcambiamento.org\/wordpress\/tolte-le-deleghe-alledilizia-privata-ed-urbanistica-al-vicesindaco-luca-frasson\/#organizationLogo"},"sameAs":["https:\/\/www.facebook.com\/civicailcambiamento\/","https:\/\/www.instagram.com\/civica_il_cambiamento\/"]},{"@type":"WebPage","@id":"https:\/\/www.ilcambiamento.org\/wordpress\/tolte-le-deleghe-alledilizia-privata-ed-urbanistica-al-vicesindaco-luca-frasson\/#webpage","url":"https:\/\/www.ilcambiamento.org\/wordpress\/tolte-le-deleghe-alledilizia-privata-ed-urbanistica-al-vicesindaco-luca-frasson\/","name":"Tolte le deleghe all\u2019Edilizia Privata ed Urbanistica al ViceSindaco Luca Frasson \u2026 - CIVICA IL CAMBIAMENTO - Comune di Tombolo (PD)","description":"Tombolo, 07 Maggio 2020 I cittadini non sanno che dal 19 Febbraio 2020 (link), il Sindaco Cristian Andretta ha tolto le Deleghe all'Edilizia Privata e Urbanistica al ViceSindaco Architetto Luca Frasson. Il tutto \u00e8 stato fatto passare in silenzio. Vi sembra una cosa di normale amministrazione ? Assolutamente no, specialmente quando il ViceSindaco \u00e8","inLanguage":"it-IT","isPartOf":{"@id":"https:\/\/www.ilcambiamento.org\/wordpress\/#website"},"breadcrumb":{"@id":"https:\/\/www.ilcambiamento.org\/wordpress\/tolte-le-deleghe-alledilizia-privata-ed-urbanistica-al-vicesindaco-luca-frasson\/#breadcrumblist"},"datePublished":"2020-05-07T15:15:18+02:00","dateModified":"2020-05-07T15:55:09+02:00"},{"@type":"WebSite","@id":"https:\/\/www.ilcambiamento.org\/wordpress\/#website","url":"https:\/\/www.ilcambiamento.org\/wordpress\/","name":"CIVICA IL CAMBIAMENTO - Comune di Tombolo (PD)","description":"Una vera lista CIVICA per cambiare in meglio Tombolo ed Onara ...","inLanguage":"it-IT","publisher":{"@id":"https:\/\/www.ilcambiamento.org\/wordpress\/#organization"}}]},"og:locale":"it_IT","og:site_name":"CIVICA IL CAMBIAMENTO - Comune di Tombolo (PD) - Una vera lista CIVICA per cambiare in meglio Tombolo ed Onara ...","og:type":"article","og:title":"Tolte le deleghe all\u2019Edilizia Privata ed Urbanistica al ViceSindaco Luca Frasson \u2026 - CIVICA IL CAMBIAMENTO - Comune di Tombolo (PD)","og:description":"Tombolo, 07 Maggio 2020 I cittadini non sanno che dal 19 Febbraio 2020 (link), il Sindaco Cristian Andretta ha tolto le Deleghe all'Edilizia Privata e Urbanistica al ViceSindaco Architetto Luca Frasson. Il tutto \u00e8 stato fatto passare in silenzio. Vi sembra una cosa di normale amministrazione ? Assolutamente no, specialmente quando il ViceSindaco \u00e8","og:url":"https:\/\/www.ilcambiamento.org\/wordpress\/tolte-le-deleghe-alledilizia-privata-ed-urbanistica-al-vicesindaco-luca-frasson\/","og:image":"https:\/\/www.ilcambiamento.org\/wordpress\/wp-content\/uploads\/2014\/03\/cropped-cropped-cambiamento_logo_GRANDE3-e1747828781946.png","og:image:secure_url":"https:\/\/www.ilcambiamento.org\/wordpress\/wp-content\/uploads\/2014\/03\/cropped-cropped-cambiamento_logo_GRANDE3-e1747828781946.png","og:image:width":150,"og:image:height":150,"article:published_time":"2020-05-07T13:15:18+00:00","article:modified_time":"2020-05-07T13:55:09+00:00","article:publisher":"https:\/\/www.facebook.com\/civicailcambiamento\/","twitter:card":"summary_large_image","twitter:title":"Tolte le deleghe all\u2019Edilizia Privata ed Urbanistica al ViceSindaco Luca Frasson \u2026 - CIVICA IL CAMBIAMENTO - Comune di Tombolo (PD)","twitter:description":"Tombolo, 07 Maggio 2020 I cittadini non sanno che dal 19 Febbraio 2020 (link), il Sindaco Cristian Andretta ha tolto le Deleghe all'Edilizia Privata e Urbanistica al ViceSindaco Architetto Luca Frasson. Il tutto \u00e8 stato fatto passare in silenzio. Vi sembra una cosa di normale amministrazione ? Assolutamente no, specialmente quando il ViceSindaco \u00e8","twitter:image":"https:\/\/www.ilcambiamento.org\/wordpress\/wp-content\/uploads\/2014\/03\/cropped-cropped-cambiamento_logo_GRANDE3-e1747828781946.png"},"aioseo_meta_data":{"post_id":"2125","title":null,"description":null,"keywords":null,"keyphrases":null,"primary_term":null,"canonical_url":null,"og_title":null,"og_description":null,"og_object_type":"default","og_image_type":"default","og_image_url":null,"og_image_width":null,"og_image_height":null,"og_image_custom_url":null,"og_image_custom_fields":null,"og_video":null,"og_custom_url":null,"og_article_section":null,"og_article_tags":null,"twitter_use_og":false,"twitter_card":"default","twitter_image_type":"default","twitter_image_url":null,"twitter_image_custom_url":null,"twitter_image_custom_fields":null,"twitter_title":null,"twitter_description":null,"schema":{"blockGraphs":[],"customGraphs":[],"default":{"data":{"Article":[],"Course":[],"Dataset":[],"FAQPage":[],"Movie":[],"Person":[],"Product":[],"ProductReview":[],"Car":[],"Recipe":[],"Service":[],"SoftwareApplication":[],"WebPage":[]},"graphName":"","isEnabled":true},"graphs":[]},"schema_type":"default","schema_type_options":null,"pillar_content":false,"robots_default":true,"robots_noindex":false,"robots_noarchive":false,"robots_nosnippet":false,"robots_nofollow":false,"robots_noimageindex":false,"robots_noodp":false,"robots_notranslate":false,"robots_max_snippet":null,"robots_max_videopreview":null,"robots_max_imagepreview":"large","priority":null,"frequency":null,"local_seo":null,"breadcrumb_settings":null,"limit_modified_date":false,"ai":null,"created":"2025-09-29 10:59:53","updated":"2025-09-29 10:59:53","seo_analyzer_scan_date":null,"focus_keyword":null,"additional_keywords":null,"truseo_locale":null},"aioseo_breadcrumb":"<div class=\"aioseo-breadcrumbs\"><span class=\"aioseo-breadcrumb\">\n\t\t\t<a href=\"https:\/\/www.ilcambiamento.org\/wordpress\" title=\"Home\">Home<\/a>\n\t\t<\/span><span class=\"aioseo-breadcrumb-separator\">&raquo;<\/span><span class=\"aioseo-breadcrumb\">\n\t\t\tTolte le deleghe all\u2019Edilizia Privata ed Urbanistica al ViceSindaco Luca Frasson \u2026\n\t\t<\/span><\/div>","aioseo_breadcrumb_json":[{"label":"Home","link":"https:\/\/www.ilcambiamento.org\/wordpress"},{"label":"Tolte le deleghe all&#8217;Edilizia Privata ed Urbanistica al ViceSindaco Luca Frasson &#8230;","link":"https:\/\/www.ilcambiamento.org\/wordpress\/tolte-le-deleghe-alledilizia-privata-ed-urbanistica-al-vicesindaco-luca-frasson\/"}],"jetpack_shortlink":"https:\/\/wp.me\/P5PPUp-yh","jetpack_sharing_enabled":true,"_links":{"self":[{"href":"https:\/\/www.ilcambiamento.org\/wordpress\/wp-json\/wp\/v2\/pages\/2125","targetHints":{"allow":["GET"]}}],"collection":[{"href":"https:\/\/www.ilcambiamento.org\/wordpress\/wp-json\/wp\/v2\/pages"}],"about":[{"href":"https:\/\/www.ilcambiamento.org\/wordpress\/wp-json\/wp\/v2\/types\/page"}],"author":[{"embeddable":true,"href":"https:\/\/www.ilcambiamento.org\/wordpress\/wp-json\/wp\/v2\/users\/5"}],"replies":[{"embeddable":true,"href":"https:\/\/www.ilcambiamento.org\/wordpress\/wp-json\/wp\/v2\/comments?post=2125"}],"version-history":[{"count":2,"href":"https:\/\/www.ilcambiamento.org\/wordpress\/wp-json\/wp\/v2\/pages\/2125\/revisions"}],"predecessor-version":[{"id":2128,"href":"https:\/\/www.ilcambiamento.org\/wordpress\/wp-json\/wp\/v2\/pages\/2125\/revisions\/2128"}],"wp:attachment":[{"href":"https:\/\/www.ilcambiamento.org\/wordpress\/wp-json\/wp\/v2\/media?parent=2125"}],"curies":[{"name":"wp","href":"https:\/\/api.w.org\/{rel}","templated":true}]}}