{"id":1250,"date":"2015-09-07T10:49:41","date_gmt":"2015-09-07T08:49:41","guid":{"rendered":"http:\/\/www.ilcambiamento.org\/wordpress\/?page_id=1250"},"modified":"2015-09-07T10:51:10","modified_gmt":"2015-09-07T08:51:10","slug":"meglio-tardi-che-mai-inaugurazione-del-nostro-magazzino-comunale-gia-pronto-da-un-anno","status":"publish","type":"page","link":"https:\/\/www.ilcambiamento.org\/wordpress\/meglio-tardi-che-mai-inaugurazione-del-nostro-magazzino-comunale-gia-pronto-da-un-anno\/","title":{"rendered":"MEGLIO TARDI CHE MAI. INAUGURAZIONE DEL &#8220;NOSTRO&#8221; MAGAZZINO COMUNALE GIA&#8217; PRONTO DA UN ANNO &#8230;"},"content":{"rendered":"<h3 style=\"text-align: center;\"><strong><a href=\"https:\/\/i0.wp.com\/www.ilcambiamento.org\/wordpress\/wp-content\/uploads\/2015\/09\/Schermata-2015-09-07-alle-10.34.20.png\"><img data-recalc-dims=\"1\" loading=\"lazy\" decoding=\"async\" class=\"aligncenter size-large wp-image-1251\" src=\"https:\/\/i0.wp.com\/www.ilcambiamento.org\/wordpress\/wp-content\/uploads\/2015\/09\/Schermata-2015-09-07-alle-10.34.20-1024x234.png?resize=675%2C154\" alt=\"Schermata 2015-09-07 alle 10.34.20\" width=\"675\" height=\"154\" srcset=\"https:\/\/i0.wp.com\/www.ilcambiamento.org\/wordpress\/wp-content\/uploads\/2015\/09\/Schermata-2015-09-07-alle-10.34.20.png?resize=1024%2C234&amp;ssl=1 1024w, https:\/\/i0.wp.com\/www.ilcambiamento.org\/wordpress\/wp-content\/uploads\/2015\/09\/Schermata-2015-09-07-alle-10.34.20.png?resize=300%2C68&amp;ssl=1 300w, https:\/\/i0.wp.com\/www.ilcambiamento.org\/wordpress\/wp-content\/uploads\/2015\/09\/Schermata-2015-09-07-alle-10.34.20.png?resize=600%2C137&amp;ssl=1 600w, https:\/\/i0.wp.com\/www.ilcambiamento.org\/wordpress\/wp-content\/uploads\/2015\/09\/Schermata-2015-09-07-alle-10.34.20.png?resize=250%2C57&amp;ssl=1 250w, https:\/\/i0.wp.com\/www.ilcambiamento.org\/wordpress\/wp-content\/uploads\/2015\/09\/Schermata-2015-09-07-alle-10.34.20.png?w=1480&amp;ssl=1 1480w\" sizes=\"auto, (max-width: 675px) 100vw, 675px\" \/><\/a><span style=\"color: #ff0000;\">NUOVO MAGAZZINO COMUNALE:<\/span><\/strong><\/h3>\n<h5 style=\"text-align: justify;\">Una delle &#8220;nostre&#8221; tante opere pubbliche, realizzate completamente durante il nostro mandato, viene ufficialmente e finalmente consegnata alla nostra comunit\u00e0. Lo scrivevamo gi\u00e0 a Marzo 2014 nel giornalino comunale qui riportato. Dopo essere gi\u00e0 stata completamente realizzata durante il secondo mandato del Sindaco Zorzo, e gi\u00e0 assunta in carico al comune da pi\u00f9 di un anno, viene solo ora, con notevole ritardo, inaugurata venerd\u00ec 19 settembre. Quest&#8217;opera era stata consegnata e realizzata secondo il metodo della &#8220;perequazione urbanistica&#8221;, che qualcuno oggi tanto osteggio, tranne poi effettuare l&#8217;inaugurazione, grazie ad un accordo tra Comune di Tombolo e Centro Carni Company. Il Comune, in cambio dell&#8217;accoglimento del richieste di nuova lottizzazione ed ampliamento della prestigiosa ditta Tombolana, aveva concertato ed ottenuto con un accordo trasparente ed alla luce del sole, questa necessaria ed importante opera comunale. Meglio tardi che mai &#8230;. siamo lieti che un&#8217;altra nostra opera venga consegnata alla comunit\u00e0, ma interroghiamo la cittadinanza e la nuova amministrazione comunale, sul perch\u00e9 abbia fermato ed arrestato altrettante opere ormai completamente finanziate dalla precedente amministrazione comunale ed in corso di avvio o di realizzazione &#8230;. <span style=\"color: #3366ff;\"><strong>QUESTO SCRIVEVAMO ALLA CITTADINANZA GIA&#8217; A MARZO 2014:\u00a0<\/strong><\/span><a href=\"http:\/\/www.ilcambiamento.org\/wordpress\/wp-content\/uploads\/2014\/03\/comunetombolo_ilmiocomune_bassa_n28_MARZO2014.pdf\"><strong><span style=\"color: #ff9900;\">http:\/\/www.ilcambiamento.org\/wordpress\/wp-content\/uploads\/2014\/03\/comunetombolo_ilmiocomune_bassa_n28_MARZO2014.pdf\u00a0<\/span><\/strong><\/a><\/h5>\n","protected":false},"excerpt":{"rendered":"<p>NUOVO MAGAZZINO COMUNALE: Una delle &#8220;nostre&#8221; tante opere pubbliche, realizzate completamente durante il nostro mandato, viene ufficialmente [&hellip;]<\/p>\n","protected":false},"author":5,"featured_media":0,"parent":0,"menu_order":0,"comment_status":"closed","ping_status":"closed","template":"","meta":{"_acf_changed":false,"om_disable_all_campaigns":false,"_monsterinsights_skip_tracking":false,"_uf_show_specific_survey":0,"_uf_disable_surveys":false,"ngg_post_thumbnail":0,"jetpack_post_was_ever_published":false,"footnotes":""},"class_list":["post-1250","page","type-page","status-publish","hentry"],"acf":[],"aioseo_notices":[],"aioseo_head":"\n\t\t<!-- All in One SEO 5.0.1.1 - aioseo.com -->\n\t<meta name=\"description\" content=\"NUOVO MAGAZZINO COMUNALE: Una delle &quot;nostre&quot; tante opere pubbliche, realizzate completamente durante il nostro mandato, viene ufficialmente e finalmente consegnata alla nostra comunit\u00e0. Lo scrivevamo gi\u00e0 a Marzo 2014 nel giornalino comunale qui riportato. Dopo essere gi\u00e0 stata completamente realizzata durante il secondo mandato del Sindaco Zorzo, e gi\u00e0 assunta in carico al comune da\" \/>\n\t<meta name=\"robots\" content=\"max-image-preview:large\" \/>\n\t<link rel=\"canonical\" href=\"https:\/\/www.ilcambiamento.org\/wordpress\/meglio-tardi-che-mai-inaugurazione-del-nostro-magazzino-comunale-gia-pronto-da-un-anno\/\" \/>\n\t<meta name=\"generator\" content=\"All in One SEO (AIOSEO) 5.0.1.1\" \/>\n\t\t<meta property=\"og:locale\" content=\"it_IT\" \/>\n\t\t<meta property=\"og:site_name\" content=\"CIVICA IL CAMBIAMENTO - Comune di Tombolo (PD) - Una vera lista CIVICA per cambiare in meglio Tombolo ed Onara ...\" \/>\n\t\t<meta property=\"og:type\" content=\"article\" \/>\n\t\t<meta property=\"og:title\" content=\"MEGLIO TARDI CHE MAI. INAUGURAZIONE DEL \u201cNOSTRO\u201d MAGAZZINO COMUNALE GIA\u2019 PRONTO DA UN ANNO \u2026 - CIVICA IL CAMBIAMENTO - Comune di Tombolo (PD)\" \/>\n\t\t<meta property=\"og:description\" content=\"NUOVO MAGAZZINO COMUNALE: Una delle &quot;nostre&quot; tante opere pubbliche, realizzate completamente durante il nostro mandato, viene ufficialmente e finalmente consegnata alla nostra comunit\u00e0. Lo scrivevamo gi\u00e0 a Marzo 2014 nel giornalino comunale qui riportato. Dopo essere gi\u00e0 stata completamente realizzata durante il secondo mandato del Sindaco Zorzo, e gi\u00e0 assunta in carico al comune da\" \/>\n\t\t<meta property=\"og:url\" content=\"https:\/\/www.ilcambiamento.org\/wordpress\/meglio-tardi-che-mai-inaugurazione-del-nostro-magazzino-comunale-gia-pronto-da-un-anno\/\" \/>\n\t\t<meta property=\"og:image\" content=\"https:\/\/www.ilcambiamento.org\/wordpress\/wp-content\/uploads\/2014\/03\/cropped-cropped-cambiamento_logo_GRANDE3-e1747828781946.png\" \/>\n\t\t<meta property=\"og:image:secure_url\" content=\"https:\/\/www.ilcambiamento.org\/wordpress\/wp-content\/uploads\/2014\/03\/cropped-cropped-cambiamento_logo_GRANDE3-e1747828781946.png\" \/>\n\t\t<meta property=\"og:image:width\" content=\"150\" \/>\n\t\t<meta property=\"og:image:height\" content=\"150\" \/>\n\t\t<meta property=\"article:published_time\" content=\"2015-09-07T08:49:41+00:00\" \/>\n\t\t<meta property=\"article:modified_time\" content=\"2015-09-07T08:51:10+00:00\" \/>\n\t\t<meta property=\"article:publisher\" content=\"https:\/\/www.facebook.com\/civicailcambiamento\/\" \/>\n\t\t<meta name=\"twitter:card\" content=\"summary_large_image\" \/>\n\t\t<meta name=\"twitter:title\" content=\"MEGLIO TARDI CHE MAI. INAUGURAZIONE DEL \u201cNOSTRO\u201d MAGAZZINO COMUNALE GIA\u2019 PRONTO DA UN ANNO \u2026 - CIVICA IL CAMBIAMENTO - Comune di Tombolo (PD)\" \/>\n\t\t<meta name=\"twitter:description\" content=\"NUOVO MAGAZZINO COMUNALE: Una delle &quot;nostre&quot; tante opere pubbliche, realizzate completamente durante il nostro mandato, viene ufficialmente e finalmente consegnata alla nostra comunit\u00e0. Lo scrivevamo gi\u00e0 a Marzo 2014 nel giornalino comunale qui riportato. Dopo essere gi\u00e0 stata completamente realizzata durante il secondo mandato del Sindaco Zorzo, e gi\u00e0 assunta in carico al comune da\" \/>\n\t\t<meta name=\"twitter:image\" content=\"https:\/\/www.ilcambiamento.org\/wordpress\/wp-content\/uploads\/2014\/03\/cropped-cropped-cambiamento_logo_GRANDE3-e1747828781946.png\" \/>\n\t\t<script type=\"application\/ld+json\" class=\"aioseo-schema\">\n\t\t\t{\"@context\":\"https:\\\/\\\/schema.org\",\"@graph\":[{\"@type\":\"BreadcrumbList\",\"@id\":\"https:\\\/\\\/www.ilcambiamento.org\\\/wordpress\\\/meglio-tardi-che-mai-inaugurazione-del-nostro-magazzino-comunale-gia-pronto-da-un-anno\\\/#breadcrumblist\",\"itemListElement\":[{\"@type\":\"ListItem\",\"@id\":\"https:\\\/\\\/www.ilcambiamento.org\\\/wordpress#listItem\",\"position\":1,\"name\":\"Home\",\"item\":\"https:\\\/\\\/www.ilcambiamento.org\\\/wordpress\",\"nextItem\":{\"@type\":\"ListItem\",\"@id\":\"https:\\\/\\\/www.ilcambiamento.org\\\/wordpress\\\/meglio-tardi-che-mai-inaugurazione-del-nostro-magazzino-comunale-gia-pronto-da-un-anno\\\/#listItem\",\"name\":\"MEGLIO TARDI CHE MAI. INAUGURAZIONE DEL &#8220;NOSTRO&#8221; MAGAZZINO COMUNALE GIA&#8217; PRONTO DA UN ANNO &#8230;\"}},{\"@type\":\"ListItem\",\"@id\":\"https:\\\/\\\/www.ilcambiamento.org\\\/wordpress\\\/meglio-tardi-che-mai-inaugurazione-del-nostro-magazzino-comunale-gia-pronto-da-un-anno\\\/#listItem\",\"position\":2,\"name\":\"MEGLIO TARDI CHE MAI. INAUGURAZIONE DEL &#8220;NOSTRO&#8221; MAGAZZINO COMUNALE GIA&#8217; PRONTO DA UN ANNO &#8230;\",\"previousItem\":{\"@type\":\"ListItem\",\"@id\":\"https:\\\/\\\/www.ilcambiamento.org\\\/wordpress#listItem\",\"name\":\"Home\"}}]},{\"@type\":\"Organization\",\"@id\":\"https:\\\/\\\/www.ilcambiamento.org\\\/wordpress\\\/#organization\",\"name\":\"CIVICA IL CAMBIAMENTO - Comune di Tombolo (PD)\",\"description\":\"Una vera lista CIVICA per cambiare in meglio Tombolo ed Onara ...\",\"url\":\"https:\\\/\\\/www.ilcambiamento.org\\\/wordpress\\\/\",\"logo\":{\"@type\":\"ImageObject\",\"url\":\"https:\\\/\\\/i0.wp.com\\\/www.ilcambiamento.org\\\/wordpress\\\/wp-content\\\/uploads\\\/2014\\\/03\\\/cropped-cropped-cropped-cambiamento_logo_GRANDE3-e1747828781946.png?fit=150%2C149&ssl=1\",\"@id\":\"https:\\\/\\\/www.ilcambiamento.org\\\/wordpress\\\/meglio-tardi-che-mai-inaugurazione-del-nostro-magazzino-comunale-gia-pronto-da-un-anno\\\/#organizationLogo\",\"width\":150,\"height\":149},\"image\":{\"@id\":\"https:\\\/\\\/www.ilcambiamento.org\\\/wordpress\\\/meglio-tardi-che-mai-inaugurazione-del-nostro-magazzino-comunale-gia-pronto-da-un-anno\\\/#organizationLogo\"},\"sameAs\":[\"https:\\\/\\\/www.facebook.com\\\/civicailcambiamento\\\/\",\"https:\\\/\\\/www.instagram.com\\\/civica_il_cambiamento\\\/\"]},{\"@type\":\"WebPage\",\"@id\":\"https:\\\/\\\/www.ilcambiamento.org\\\/wordpress\\\/meglio-tardi-che-mai-inaugurazione-del-nostro-magazzino-comunale-gia-pronto-da-un-anno\\\/#webpage\",\"url\":\"https:\\\/\\\/www.ilcambiamento.org\\\/wordpress\\\/meglio-tardi-che-mai-inaugurazione-del-nostro-magazzino-comunale-gia-pronto-da-un-anno\\\/\",\"name\":\"MEGLIO TARDI CHE MAI. INAUGURAZIONE DEL \\u201cNOSTRO\\u201d MAGAZZINO COMUNALE GIA\\u2019 PRONTO DA UN ANNO \\u2026 - CIVICA IL CAMBIAMENTO - Comune di Tombolo (PD)\",\"description\":\"NUOVO MAGAZZINO COMUNALE: Una delle \\\"nostre\\\" tante opere pubbliche, realizzate completamente durante il nostro mandato, viene ufficialmente e finalmente consegnata alla nostra comunit\\u00e0. Lo scrivevamo gi\\u00e0 a Marzo 2014 nel giornalino comunale qui riportato. Dopo essere gi\\u00e0 stata completamente realizzata durante il secondo mandato del Sindaco Zorzo, e gi\\u00e0 assunta in carico al comune da\",\"inLanguage\":\"it-IT\",\"isPartOf\":{\"@id\":\"https:\\\/\\\/www.ilcambiamento.org\\\/wordpress\\\/#website\"},\"breadcrumb\":{\"@id\":\"https:\\\/\\\/www.ilcambiamento.org\\\/wordpress\\\/meglio-tardi-che-mai-inaugurazione-del-nostro-magazzino-comunale-gia-pronto-da-un-anno\\\/#breadcrumblist\"},\"datePublished\":\"2015-09-07T10:49:41+02:00\",\"dateModified\":\"2015-09-07T10:51:10+02:00\"},{\"@type\":\"WebSite\",\"@id\":\"https:\\\/\\\/www.ilcambiamento.org\\\/wordpress\\\/#website\",\"url\":\"https:\\\/\\\/www.ilcambiamento.org\\\/wordpress\\\/\",\"name\":\"CIVICA IL CAMBIAMENTO - Comune di Tombolo (PD)\",\"description\":\"Una vera lista CIVICA per cambiare in meglio Tombolo ed Onara ...\",\"inLanguage\":\"it-IT\",\"publisher\":{\"@id\":\"https:\\\/\\\/www.ilcambiamento.org\\\/wordpress\\\/#organization\"}}]}\n\t\t<\/script>\n\t\t<!-- All in One SEO -->\n\n","aioseo_head_json":{"title":"MEGLIO TARDI CHE MAI. INAUGURAZIONE DEL \u201cNOSTRO\u201d MAGAZZINO COMUNALE GIA\u2019 PRONTO DA UN ANNO \u2026 - CIVICA IL CAMBIAMENTO - Comune di Tombolo (PD)","description":"NUOVO MAGAZZINO COMUNALE: Una delle \"nostre\" tante opere pubbliche, realizzate completamente durante il nostro mandato, viene ufficialmente e finalmente consegnata alla nostra comunit\u00e0. Lo scrivevamo gi\u00e0 a Marzo 2014 nel giornalino comunale qui riportato. Dopo essere gi\u00e0 stata completamente realizzata durante il secondo mandato del Sindaco Zorzo, e gi\u00e0 assunta in carico al comune da","canonical_url":"https:\/\/www.ilcambiamento.org\/wordpress\/meglio-tardi-che-mai-inaugurazione-del-nostro-magazzino-comunale-gia-pronto-da-un-anno\/","robots":"max-image-preview:large","keywords":"","webmasterTools":{"miscellaneous":""},"schema":{"@context":"https:\/\/schema.org","@graph":[{"@type":"BreadcrumbList","@id":"https:\/\/www.ilcambiamento.org\/wordpress\/meglio-tardi-che-mai-inaugurazione-del-nostro-magazzino-comunale-gia-pronto-da-un-anno\/#breadcrumblist","itemListElement":[{"@type":"ListItem","@id":"https:\/\/www.ilcambiamento.org\/wordpress#listItem","position":1,"name":"Home","item":"https:\/\/www.ilcambiamento.org\/wordpress","nextItem":{"@type":"ListItem","@id":"https:\/\/www.ilcambiamento.org\/wordpress\/meglio-tardi-che-mai-inaugurazione-del-nostro-magazzino-comunale-gia-pronto-da-un-anno\/#listItem","name":"MEGLIO TARDI CHE MAI. INAUGURAZIONE DEL &#8220;NOSTRO&#8221; MAGAZZINO COMUNALE GIA&#8217; PRONTO DA UN ANNO &#8230;"}},{"@type":"ListItem","@id":"https:\/\/www.ilcambiamento.org\/wordpress\/meglio-tardi-che-mai-inaugurazione-del-nostro-magazzino-comunale-gia-pronto-da-un-anno\/#listItem","position":2,"name":"MEGLIO TARDI CHE MAI. INAUGURAZIONE DEL &#8220;NOSTRO&#8221; MAGAZZINO COMUNALE GIA&#8217; PRONTO DA UN ANNO &#8230;","previousItem":{"@type":"ListItem","@id":"https:\/\/www.ilcambiamento.org\/wordpress#listItem","name":"Home"}}]},{"@type":"Organization","@id":"https:\/\/www.ilcambiamento.org\/wordpress\/#organization","name":"CIVICA IL CAMBIAMENTO - Comune di Tombolo (PD)","description":"Una vera lista CIVICA per cambiare in meglio Tombolo ed Onara ...","url":"https:\/\/www.ilcambiamento.org\/wordpress\/","logo":{"@type":"ImageObject","url":"https:\/\/i0.wp.com\/www.ilcambiamento.org\/wordpress\/wp-content\/uploads\/2014\/03\/cropped-cropped-cropped-cambiamento_logo_GRANDE3-e1747828781946.png?fit=150%2C149&ssl=1","@id":"https:\/\/www.ilcambiamento.org\/wordpress\/meglio-tardi-che-mai-inaugurazione-del-nostro-magazzino-comunale-gia-pronto-da-un-anno\/#organizationLogo","width":150,"height":149},"image":{"@id":"https:\/\/www.ilcambiamento.org\/wordpress\/meglio-tardi-che-mai-inaugurazione-del-nostro-magazzino-comunale-gia-pronto-da-un-anno\/#organizationLogo"},"sameAs":["https:\/\/www.facebook.com\/civicailcambiamento\/","https:\/\/www.instagram.com\/civica_il_cambiamento\/"]},{"@type":"WebPage","@id":"https:\/\/www.ilcambiamento.org\/wordpress\/meglio-tardi-che-mai-inaugurazione-del-nostro-magazzino-comunale-gia-pronto-da-un-anno\/#webpage","url":"https:\/\/www.ilcambiamento.org\/wordpress\/meglio-tardi-che-mai-inaugurazione-del-nostro-magazzino-comunale-gia-pronto-da-un-anno\/","name":"MEGLIO TARDI CHE MAI. INAUGURAZIONE DEL \u201cNOSTRO\u201d MAGAZZINO COMUNALE GIA\u2019 PRONTO DA UN ANNO \u2026 - CIVICA IL CAMBIAMENTO - Comune di Tombolo (PD)","description":"NUOVO MAGAZZINO COMUNALE: Una delle \"nostre\" tante opere pubbliche, realizzate completamente durante il nostro mandato, viene ufficialmente e finalmente consegnata alla nostra comunit\u00e0. Lo scrivevamo gi\u00e0 a Marzo 2014 nel giornalino comunale qui riportato. Dopo essere gi\u00e0 stata completamente realizzata durante il secondo mandato del Sindaco Zorzo, e gi\u00e0 assunta in carico al comune da","inLanguage":"it-IT","isPartOf":{"@id":"https:\/\/www.ilcambiamento.org\/wordpress\/#website"},"breadcrumb":{"@id":"https:\/\/www.ilcambiamento.org\/wordpress\/meglio-tardi-che-mai-inaugurazione-del-nostro-magazzino-comunale-gia-pronto-da-un-anno\/#breadcrumblist"},"datePublished":"2015-09-07T10:49:41+02:00","dateModified":"2015-09-07T10:51:10+02:00"},{"@type":"WebSite","@id":"https:\/\/www.ilcambiamento.org\/wordpress\/#website","url":"https:\/\/www.ilcambiamento.org\/wordpress\/","name":"CIVICA IL CAMBIAMENTO - Comune di Tombolo (PD)","description":"Una vera lista CIVICA per cambiare in meglio Tombolo ed Onara ...","inLanguage":"it-IT","publisher":{"@id":"https:\/\/www.ilcambiamento.org\/wordpress\/#organization"}}]},"og:locale":"it_IT","og:site_name":"CIVICA IL CAMBIAMENTO - Comune di Tombolo (PD) - Una vera lista CIVICA per cambiare in meglio Tombolo ed Onara ...","og:type":"article","og:title":"MEGLIO TARDI CHE MAI. INAUGURAZIONE DEL \u201cNOSTRO\u201d MAGAZZINO COMUNALE GIA\u2019 PRONTO DA UN ANNO \u2026 - CIVICA IL CAMBIAMENTO - Comune di Tombolo (PD)","og:description":"NUOVO MAGAZZINO COMUNALE: Una delle &quot;nostre&quot; tante opere pubbliche, realizzate completamente durante il nostro mandato, viene ufficialmente e finalmente consegnata alla nostra comunit\u00e0. Lo scrivevamo gi\u00e0 a Marzo 2014 nel giornalino comunale qui riportato. Dopo essere gi\u00e0 stata completamente realizzata durante il secondo mandato del Sindaco Zorzo, e gi\u00e0 assunta in carico al comune da","og:url":"https:\/\/www.ilcambiamento.org\/wordpress\/meglio-tardi-che-mai-inaugurazione-del-nostro-magazzino-comunale-gia-pronto-da-un-anno\/","og:image":"https:\/\/www.ilcambiamento.org\/wordpress\/wp-content\/uploads\/2014\/03\/cropped-cropped-cambiamento_logo_GRANDE3-e1747828781946.png","og:image:secure_url":"https:\/\/www.ilcambiamento.org\/wordpress\/wp-content\/uploads\/2014\/03\/cropped-cropped-cambiamento_logo_GRANDE3-e1747828781946.png","og:image:width":150,"og:image:height":150,"article:published_time":"2015-09-07T08:49:41+00:00","article:modified_time":"2015-09-07T08:51:10+00:00","article:publisher":"https:\/\/www.facebook.com\/civicailcambiamento\/","twitter:card":"summary_large_image","twitter:title":"MEGLIO TARDI CHE MAI. INAUGURAZIONE DEL \u201cNOSTRO\u201d MAGAZZINO COMUNALE GIA\u2019 PRONTO DA UN ANNO \u2026 - CIVICA IL CAMBIAMENTO - Comune di Tombolo (PD)","twitter:description":"NUOVO MAGAZZINO COMUNALE: Una delle &quot;nostre&quot; tante opere pubbliche, realizzate completamente durante il nostro mandato, viene ufficialmente e finalmente consegnata alla nostra comunit\u00e0. Lo scrivevamo gi\u00e0 a Marzo 2014 nel giornalino comunale qui riportato. Dopo essere gi\u00e0 stata completamente realizzata durante il secondo mandato del Sindaco Zorzo, e gi\u00e0 assunta in carico al comune da","twitter:image":"https:\/\/www.ilcambiamento.org\/wordpress\/wp-content\/uploads\/2014\/03\/cropped-cropped-cambiamento_logo_GRANDE3-e1747828781946.png"},"aioseo_meta_data":{"post_id":"1250","title":null,"description":null,"keywords":null,"keyphrases":null,"primary_term":null,"canonical_url":null,"og_title":null,"og_description":null,"og_object_type":"default","og_image_type":"default","og_image_url":null,"og_image_width":null,"og_image_height":null,"og_image_custom_url":null,"og_image_custom_fields":null,"og_video":null,"og_custom_url":null,"og_article_section":null,"og_article_tags":null,"twitter_use_og":false,"twitter_card":"default","twitter_image_type":"default","twitter_image_url":null,"twitter_image_custom_url":null,"twitter_image_custom_fields":null,"twitter_title":null,"twitter_description":null,"schema":{"blockGraphs":[],"customGraphs":[],"default":{"data":{"Article":[],"Course":[],"Dataset":[],"FAQPage":[],"Movie":[],"Person":[],"Product":[],"ProductReview":[],"Car":[],"Recipe":[],"Service":[],"SoftwareApplication":[],"WebPage":[]},"graphName":"","isEnabled":true},"graphs":[]},"schema_type":"default","schema_type_options":null,"pillar_content":false,"robots_default":true,"robots_noindex":false,"robots_noarchive":false,"robots_nosnippet":false,"robots_nofollow":false,"robots_noimageindex":false,"robots_noodp":false,"robots_notranslate":false,"robots_max_snippet":null,"robots_max_videopreview":null,"robots_max_imagepreview":"large","priority":null,"frequency":null,"local_seo":null,"breadcrumb_settings":null,"limit_modified_date":false,"ai":null,"created":"2025-09-29 10:53:45","updated":"2025-09-29 10:53:45","seo_analyzer_scan_date":null,"focus_keyword":null,"additional_keywords":null,"truseo_locale":null},"aioseo_breadcrumb":"<div class=\"aioseo-breadcrumbs\"><span class=\"aioseo-breadcrumb\">\n\t\t\t<a href=\"https:\/\/www.ilcambiamento.org\/wordpress\" title=\"Home\">Home<\/a>\n\t\t<\/span><span class=\"aioseo-breadcrumb-separator\">&raquo;<\/span><span class=\"aioseo-breadcrumb\">\n\t\t\tMEGLIO TARDI CHE MAI. INAUGURAZIONE DEL \u201cNOSTRO\u201d MAGAZZINO COMUNALE GIA\u2019 PRONTO DA UN ANNO \u2026\n\t\t<\/span><\/div>","aioseo_breadcrumb_json":[{"label":"Home","link":"https:\/\/www.ilcambiamento.org\/wordpress"},{"label":"MEGLIO TARDI CHE MAI. INAUGURAZIONE DEL &#8220;NOSTRO&#8221; MAGAZZINO COMUNALE GIA&#8217; PRONTO DA UN ANNO &#8230;","link":"https:\/\/www.ilcambiamento.org\/wordpress\/meglio-tardi-che-mai-inaugurazione-del-nostro-magazzino-comunale-gia-pronto-da-un-anno\/"}],"jetpack_shortlink":"https:\/\/wp.me\/P5PPUp-ka","jetpack_sharing_enabled":true,"_links":{"self":[{"href":"https:\/\/www.ilcambiamento.org\/wordpress\/wp-json\/wp\/v2\/pages\/1250","targetHints":{"allow":["GET"]}}],"collection":[{"href":"https:\/\/www.ilcambiamento.org\/wordpress\/wp-json\/wp\/v2\/pages"}],"about":[{"href":"https:\/\/www.ilcambiamento.org\/wordpress\/wp-json\/wp\/v2\/types\/page"}],"author":[{"embeddable":true,"href":"https:\/\/www.ilcambiamento.org\/wordpress\/wp-json\/wp\/v2\/users\/5"}],"replies":[{"embeddable":true,"href":"https:\/\/www.ilcambiamento.org\/wordpress\/wp-json\/wp\/v2\/comments?post=1250"}],"version-history":[{"count":2,"href":"https:\/\/www.ilcambiamento.org\/wordpress\/wp-json\/wp\/v2\/pages\/1250\/revisions"}],"predecessor-version":[{"id":1253,"href":"https:\/\/www.ilcambiamento.org\/wordpress\/wp-json\/wp\/v2\/pages\/1250\/revisions\/1253"}],"wp:attachment":[{"href":"https:\/\/www.ilcambiamento.org\/wordpress\/wp-json\/wp\/v2\/media?parent=1250"}],"curies":[{"name":"wp","href":"https:\/\/api.w.org\/{rel}","templated":true}]}}